{"id":5177,"date":"2024-01-25T09:34:36","date_gmt":"2024-01-25T08:34:36","guid":{"rendered":"https:\/\/nijar.org\/?page_id=5177"},"modified":"2024-08-17T15:43:34","modified_gmt":"2024-08-17T13:43:34","slug":"todos-os-retiros","status":"publish","type":"page","link":"https:\/\/nijar.org\/pt\/todos-os-retiros","title":{"rendered":"Listagens completas de retiros"},"content":{"rendered":"<div data-elementor-type=\"wp-page\" data-elementor-id=\"5177\" class=\"elementor elementor-5177\" data-elementor-post-type=\"page\">\n\t\t\t\t<div class=\"elementor-element elementor-element-406f04c e-flex e-con-boxed e-con e-parent\" data-id=\"406f04c\" data-element_type=\"container\" data-e-type=\"container\">\n\t\t\t\t\t<div class=\"e-con-inner\">\n\t\t<div class=\"elementor-element elementor-element-1f3876c e-con-full e-flex e-con e-child\" data-id=\"1f3876c\" data-element_type=\"container\" data-e-type=\"container\">\n\t\t\t\t<div class=\"elementor-element elementor-element-64ed307 elementor-widget elementor-widget-heading\" data-id=\"64ed307\" data-element_type=\"widget\" data-e-type=\"widget\" data-widget_type=\"heading.default\">\n\t\t\t\t<div class=\"elementor-widget-container\">\n\t\t\t\t\t<h2 class=\"elementor-heading-title elementor-size-default\">Listagens de retiros<\/h2>\t\t\t\t<\/div>\n\t\t\t\t<\/div>\n\t\t\t\t<div class=\"elementor-element elementor-element-a4edc9b elementor-widget elementor-widget-toggle\" data-id=\"a4edc9b\" data-element_type=\"widget\" data-e-type=\"widget\" data-widget_type=\"toggle.default\">\n\t\t\t\t<div class=\"elementor-widget-container\">\n\t\t\t\t\t\t\t<div class=\"elementor-toggle\">\n\t\t\t\t\t\t\t<div class=\"elementor-toggle-item\">\n\t\t\t\t\t<div id=\"elementor-tab-title-1721\" class=\"elementor-tab-title\" data-tab=\"1\" role=\"button\" aria-controls=\"elementor-tab-content-1721\" aria-expanded=\"false\">\n\t\t\t\t\t\t\t\t\t\t\t\t<span class=\"elementor-toggle-icon elementor-toggle-icon-left\" aria-hidden=\"true\">\n\t\t\t\t\t\t\t\t\t\t\t\t\t\t\t<span class=\"elementor-toggle-icon-closed\"><i class=\"fas fa-caret-right\"><\/i><\/span>\n\t\t\t\t\t\t\t\t<span class=\"elementor-toggle-icon-opened\"><i class=\"elementor-toggle-icon-opened fas fa-caret-up\"><\/i><\/span>\n\t\t\t\t\t\t\t\t\t\t\t\t\t<\/span>\n\t\t\t\t\t\t\t\t\t\t\t\t<a class=\"elementor-toggle-title\" tabindex=\"0\">Retiros N\u00e2m<\/a>\n\t\t\t\t\t<\/div>\n\n\t\t\t\t\t<div id=\"elementor-tab-content-1721\" class=\"elementor-tab-content elementor-clearfix\" data-tab=\"1\" role=\"region\" aria-labelledby=\"elementor-tab-title-1721\"><p><!=========Events list Template 2.6.2=========><div id=\"ect-events-list-content\"><div id=\"list-wrp\" class=\"ect-list-wrapper nam\"><div id=\"event-9411\" class=\"ect-list-post style-1 ect-simple-event future\"><div class=\"ect-list-post-left\">\n\t\t\t\t<div class=\"ect-list-img\" style=\"background-image:url(&#039;https:\/\/nijar.org\/wp-content\/uploads\/2024\/02\/retreat-blur-759x1024.jpg&#039;);background-size:cover;\"><a href=\"https:\/\/nijar.org\/it\/evento\/ritiro-del-silenzio-con-yoginam-aprile-2026\/\" alt=\"N\u00e2m Silence Retreat with Yogin\u00e2m April 2026 (Fully Booked)\" rel=\"bookmark\"><div class=\"ect-list-date\"><div class=\"ect-date-area default-schedule\"><span class=\"ev-day\">26<\/span>\n\t\t\t\t\t<span class=\"ev-mo\">Aprile<\/span>\n\t\t\t\t\t<span class=\"ev-yr\">2026<\/span><\/div><\/div><\/a><\/div><\/div><!-- left-post close --><div class=\"ect-list-post-right\">\n\t\t\t\t<div class=\"ect-list-post-right-table\"><div class=\"ect-list-description\"><h2 class=\"ect-list-title\"><a class=\"ect-event-url\" href=\"https:\/\/nijar.org\/it\/evento\/ritiro-del-silenzio-con-yoginam-aprile-2026\/\" rel=\"bookmark\">N\u00e2m Silence Retreat with Yogin\u00e2m April 2026 (Fully Booked)<\/a><\/h2><!-- Event Content --><div class=\"ect-event-content\"><p>Cinco dias de sil\u00eancio total com um programa di\u00e1rio de medita\u00e7\u00f5es regulares apoiadas por monges e pela HarpMood da Yogin\u00e2m. O que \u00e9 um Retiro de Sil\u00eancio N\u00e2m? Por favor, clique aqui.<\/p>\n<\/div><!-- Event Ticket Price Info -->\n                 <div class=\"ect-rate-area\">\n                 <span class=\"ect-icon\"><i class=\"ect-icon-ticket\"><\/i><\/span>\n                 <span class=\"ect-rate\">\u20ac759<\/span>\n                 <\/div><a href=\"https:\/\/nijar.org\/it\/evento\/ritiro-del-silenzio-con-yoginam-aprile-2026\/\" class=\"ect-events-read-more\" rel=\"bookmark\" data-no-translation=\"\" data-trp-gettext=\"\">Per saperne di pi\u00f9<\/a><\/div><div class=\"ect-list-venue default-venue\"><span class=\"ect-icon\"><i class=\"ect-icon-location\"><\/i><\/span><!-- Event Venue Info -->\n\t\t\t\t\t\t\t<span class=\"ect-venue-details ect-address\">\n\t\t\t\t\t\t\t<div>O Jardim de N\u00e2m Living,<span class=\"tribe-address\">\n\n<span class=\"tribe-street-address\">Centro de Medita\u00e7\u00e3o N\u00edjar<\/span>\n\t\n\t\t<br>\n\t\t<span class=\"tribe-locality\">N\u00ecjar<\/span><span class=\"tribe-delimiter\">,<\/span>\n\n\t<abbr class=\"tribe-region tribe-events-abbr\" title=\"N\u00ecjar\" data-no-translation-title=\"\">N\u00ecjar<\/abbr>\n\n\t<span class=\"tribe-postal-code\">04100<\/span>\n\n\t<span class=\"tribe-country-name\">Espanha<\/span>\n\n<\/span>\n<\/div><span class=\"ect-google\"><a class=\"tribe-events-gmap\" href=\"https:\/\/maps.google.com\/maps?f=q&#038;source=s_q&#038;hl=en&#038;geocode=&#038;q=N%C3%ADjar+Meditation+Center+N%C3%ACjar+N%C3%ACjar+04100+Spain\" title=\"Fai clic per visualizzare una mappa Google Maps\" target=\"_blank\" rel=\"noreferrer noopener\" data-no-translation=\"\" data-trp-gettext=\"\" data-no-translation-title=\"\">+ Google Maps<\/a><\/span><\/span><\/div><\/div><\/div><!-- right-wrapper close --><\/div><!-- event-loop-end --><div id=\"event-10867\" class=\"ect-list-post style-1 ect-simple-event future\"><div class=\"ect-list-post-left\">\n\t\t\t\t<div class=\"ect-list-img\" style=\"background-image:url(&#039;https:\/\/nijar.org\/wp-content\/uploads\/2026\/02\/DSC05208-1024x576.webp&#039;);background-size:cover;\"><a href=\"https:\/\/nijar.org\/it\/evento\/vita-significativa-5-giorni-intensivi-giugno-2026\/\" alt=\"Meaningful Living 5-day Intensive June 2026\" rel=\"bookmark\"><div class=\"ect-list-date\"><div class=\"ect-date-area default-schedule\"><span class=\"ev-day\">10<\/span>\n\t\t\t\t\t<span class=\"ev-mo\">agosto<\/span>\n\t\t\t\t\t<span class=\"ev-yr\">2026<\/span><\/div><\/div><\/a><\/div><\/div><!-- left-post close --><div class=\"ect-list-post-right\">\n\t\t\t\t<div class=\"ect-list-post-right-table\"><div class=\"ect-list-description\"><h2 class=\"ect-list-title\"><a class=\"ect-event-url\" href=\"https:\/\/nijar.org\/it\/evento\/vita-significativa-5-giorni-intensivi-giugno-2026\/\" rel=\"bookmark\">Vida Significativa Intensivo de 5 dias junho de 2026<\/a><\/h2><!-- Event Content --><div class=\"ect-event-content\"><p>\u00a0 Bem-vindo ao Meaningful Living Junte-se a n\u00f3s para uma viagem transformadora de auto-descoberta num ambiente sereno e pac\u00edfico.  O retiro Meaningful Living foi concebido para o ajudar a cultivar uma...<\/p>\n<\/div><!-- Event Ticket Price Info -->\n                 <div class=\"ect-rate-area\">\n                 <span class=\"ect-icon\"><i class=\"ect-icon-ticket\"><\/i><\/span>\n                 <span class=\"ect-rate\">\u20ac417<\/span>\n                 <\/div><a href=\"https:\/\/nijar.org\/it\/evento\/vita-significativa-5-giorni-intensivi-giugno-2026\/\" class=\"ect-events-read-more\" rel=\"bookmark\" data-no-translation=\"\" data-trp-gettext=\"\">Per saperne di pi\u00f9<\/a><\/div><div class=\"ect-list-venue default-venue\"><span class=\"ect-icon\"><i class=\"ect-icon-location\"><\/i><\/span><!-- Event Venue Info -->\n\t\t\t\t\t\t\t<span class=\"ect-venue-details ect-address\">\n\t\t\t\t\t\t\t<div>O Jardim de N\u00e2m Living,<span class=\"tribe-address\">\n\n<span class=\"tribe-street-address\">Centro de Medita\u00e7\u00e3o N\u00edjar<\/span>\n\t\n\t\t<br>\n\t\t<span class=\"tribe-locality\">N\u00ecjar<\/span><span class=\"tribe-delimiter\">,<\/span>\n\n\t<abbr class=\"tribe-region tribe-events-abbr\" title=\"N\u00ecjar\" data-no-translation-title=\"\">N\u00ecjar<\/abbr>\n\n\t<span class=\"tribe-postal-code\">04100<\/span>\n\n\t<span class=\"tribe-country-name\">Espanha<\/span>\n\n<\/span>\n<\/div><span class=\"ect-google\"><a class=\"tribe-events-gmap\" href=\"https:\/\/maps.google.com\/maps?f=q&#038;source=s_q&#038;hl=en&#038;geocode=&#038;q=N%C3%ADjar+Meditation+Center+N%C3%ACjar+N%C3%ACjar+04100+Spain\" title=\"Fai clic per visualizzare una mappa Google Maps\" target=\"_blank\" rel=\"noreferrer noopener\" data-no-translation=\"\" data-trp-gettext=\"\" data-no-translation-title=\"\">+ Google Maps<\/a><\/span><\/span><\/div><\/div><\/div><!-- right-wrapper close --><\/div><!-- event-loop-end --><div id=\"event-10251\" class=\"ect-list-post style-1 ect-simple-event future\"><div class=\"ect-list-post-left\">\n\t\t\t\t<div class=\"ect-list-img\" style=\"background-image:url(&#039;https:\/\/nijar.org\/wp-content\/uploads\/2025\/11\/WhatsApp-Image-2022-10-04-at-151551-1024x576.jpeg&#039;);background-size:cover;\"><a href=\"https:\/\/nijar.org\/it\/evento\/lessenza-della-meditazione-luglio-2026\/\" alt=\"The Essence of Meditation July 2026\" rel=\"bookmark\"><div class=\"ect-list-date\"><div class=\"ect-date-area default-schedule\"><span class=\"ev-day\">02<\/span>\n\t\t\t\t\t<span class=\"ev-mo\">Luglio<\/span>\n\t\t\t\t\t<span class=\"ev-yr\">2026<\/span><\/div><\/div><\/a><\/div><\/div><!-- left-post close --><div class=\"ect-list-post-right\">\n\t\t\t\t<div class=\"ect-list-post-right-table\"><div class=\"ect-list-description\"><h2 class=\"ect-list-title\"><a class=\"ect-event-url\" href=\"https:\/\/nijar.org\/it\/evento\/lessenza-della-meditazione-luglio-2026\/\" rel=\"bookmark\">A ess\u00eancia da medita\u00e7\u00e3o julho de 2026<\/a><\/h2><!-- Event Content --><div class=\"ect-event-content\"><p>\u00a0 Carater\u00edsticas Dia de chegada: Check-in \u00e0s 15 h, Introdu\u00e7\u00e3o 16:15, HarpMood 17.45 h, Ceia 19.00 Programa: Dia da chegada - Dia da instru\u00e7\u00e3o - Dia do sil\u00eancio - Dia da partida Partida...<\/p>\n<\/div><!-- Event Ticket Price Info -->\n                 <div class=\"ect-rate-area\">\n                 <span class=\"ect-icon\"><i class=\"ect-icon-ticket\"><\/i><\/span>\n                 <span class=\"ect-rate\">\u20ac319<\/span>\n                 <\/div><a href=\"https:\/\/nijar.org\/it\/evento\/lessenza-della-meditazione-luglio-2026\/\" class=\"ect-events-read-more\" rel=\"bookmark\" data-no-translation=\"\" data-trp-gettext=\"\">Per saperne di pi\u00f9<\/a><\/div><div class=\"ect-list-venue default-venue\"><span class=\"ect-icon\"><i class=\"ect-icon-location\"><\/i><\/span><!-- Event Venue Info -->\n\t\t\t\t\t\t\t<span class=\"ect-venue-details ect-address\">\n\t\t\t\t\t\t\t<div>O Jardim de N\u00e2m Living,<span class=\"tribe-address\">\n\n<span class=\"tribe-street-address\">Centro de Medita\u00e7\u00e3o N\u00edjar<\/span>\n\t\n\t\t<br>\n\t\t<span class=\"tribe-locality\">N\u00ecjar<\/span><span class=\"tribe-delimiter\">,<\/span>\n\n\t<abbr class=\"tribe-region tribe-events-abbr\" title=\"N\u00ecjar\" data-no-translation-title=\"\">N\u00ecjar<\/abbr>\n\n\t<span class=\"tribe-postal-code\">04100<\/span>\n\n\t<span class=\"tribe-country-name\">Espanha<\/span>\n\n<\/span>\n<\/div><span class=\"ect-google\"><a class=\"tribe-events-gmap\" href=\"https:\/\/maps.google.com\/maps?f=q&#038;source=s_q&#038;hl=en&#038;geocode=&#038;q=N%C3%ADjar+Meditation+Center+N%C3%ACjar+N%C3%ACjar+04100+Spain\" title=\"Fai clic per visualizzare una mappa Google Maps\" target=\"_blank\" rel=\"noreferrer noopener\" data-no-translation=\"\" data-trp-gettext=\"\" data-no-translation-title=\"\">+ Google Maps<\/a><\/span><\/span><\/div><\/div><\/div><!-- right-wrapper close --><\/div><!-- event-loop-end --><div id=\"event-10879\" class=\"ect-list-post style-1 ect-simple-event future\"><div class=\"ect-list-post-left\">\n\t\t\t\t<div class=\"ect-list-img\" style=\"background-image:url(&#039;https:\/\/nijar.org\/wp-content\/uploads\/2026\/02\/DSC05208-1024x576.webp&#039;);background-size:cover;\"><a href=\"https:\/\/nijar.org\/it\/evento\/vita-significativa-5-giorni-intensivi-luglio-agosto-2026\/\" alt=\"Meaningful Living 5-day Intensive July-August 2026\" rel=\"bookmark\"><div class=\"ect-list-date\"><div class=\"ect-date-area default-schedule\"><span class=\"ev-day\">29<\/span>\n\t\t\t\t\t<span class=\"ev-mo\">Luglio<\/span>\n\t\t\t\t\t<span class=\"ev-yr\">2026<\/span><\/div><\/div><\/a><\/div><\/div><!-- left-post close --><div class=\"ect-list-post-right\">\n\t\t\t\t<div class=\"ect-list-post-right-table\"><div class=\"ect-list-description\"><h2 class=\"ect-list-title\"><a class=\"ect-event-url\" href=\"https:\/\/nijar.org\/it\/evento\/vita-significativa-5-giorni-intensivi-luglio-agosto-2026\/\" rel=\"bookmark\">Vida Significativa Intensivo de 5 dias julho-agosto de 2026<\/a><\/h2><!-- Event Content --><div class=\"ect-event-content\"><p>\u00a0 Bem-vindo ao Meaningful Living Junte-se a n\u00f3s para uma viagem transformadora de auto-descoberta num ambiente sereno e pac\u00edfico.  O retiro Meaningful Living foi concebido para o ajudar a cultivar uma...<\/p>\n<\/div><!-- Event Ticket Price Info -->\n                 <div class=\"ect-rate-area\">\n                 <span class=\"ect-icon\"><i class=\"ect-icon-ticket\"><\/i><\/span>\n                 <span class=\"ect-rate\">\u20ac417<\/span>\n                 <\/div><a href=\"https:\/\/nijar.org\/it\/evento\/vita-significativa-5-giorni-intensivi-luglio-agosto-2026\/\" class=\"ect-events-read-more\" rel=\"bookmark\" data-no-translation=\"\" data-trp-gettext=\"\">Per saperne di pi\u00f9<\/a><\/div><div class=\"ect-list-venue default-venue\"><span class=\"ect-icon\"><i class=\"ect-icon-location\"><\/i><\/span><!-- Event Venue Info -->\n\t\t\t\t\t\t\t<span class=\"ect-venue-details ect-address\">\n\t\t\t\t\t\t\t<div>O Jardim de N\u00e2m Living,<span class=\"tribe-address\">\n\n<span class=\"tribe-street-address\">Centro de Medita\u00e7\u00e3o N\u00edjar<\/span>\n\t\n\t\t<br>\n\t\t<span class=\"tribe-locality\">N\u00ecjar<\/span><span class=\"tribe-delimiter\">,<\/span>\n\n\t<abbr class=\"tribe-region tribe-events-abbr\" title=\"N\u00ecjar\" data-no-translation-title=\"\">N\u00ecjar<\/abbr>\n\n\t<span class=\"tribe-postal-code\">04100<\/span>\n\n\t<span class=\"tribe-country-name\">Espanha<\/span>\n\n<\/span>\n<\/div><span class=\"ect-google\"><a class=\"tribe-events-gmap\" href=\"https:\/\/maps.google.com\/maps?f=q&#038;source=s_q&#038;hl=en&#038;geocode=&#038;q=N%C3%ADjar+Meditation+Center+N%C3%ACjar+N%C3%ACjar+04100+Spain\" title=\"Fai clic per visualizzare una mappa Google Maps\" target=\"_blank\" rel=\"noreferrer noopener\" data-no-translation=\"\" data-trp-gettext=\"\" data-no-translation-title=\"\">+ Google Maps<\/a><\/span><\/span><\/div><\/div><\/div><!-- right-wrapper close --><\/div><!-- event-loop-end --><div id=\"event-10253\" class=\"ect-list-post style-1 ect-simple-event future\"><div class=\"ect-list-post-left\">\n\t\t\t\t<div class=\"ect-list-img\" style=\"background-image:url(&#039;https:\/\/nijar.org\/wp-content\/uploads\/2025\/11\/WhatsApp-Image-2022-10-04-at-151551-1024x576.jpeg&#039;);background-size:cover;\"><a href=\"https:\/\/nijar.org\/it\/evento\/lessenza-della-meditazione-agosto-2026\/\" alt=\"The Essence of Meditation August 2026\" rel=\"bookmark\"><div class=\"ect-list-date\"><div class=\"ect-date-area default-schedule\"><span class=\"ev-day\">06<\/span>\n\t\t\t\t\t<span class=\"ev-mo\">agosto<\/span>\n\t\t\t\t\t<span class=\"ev-yr\">2026<\/span><\/div><\/div><\/a><\/div><\/div><!-- left-post close --><div class=\"ect-list-post-right\">\n\t\t\t\t<div class=\"ect-list-post-right-table\"><div class=\"ect-list-description\"><h2 class=\"ect-list-title\"><a class=\"ect-event-url\" href=\"https:\/\/nijar.org\/it\/evento\/lessenza-della-meditazione-agosto-2026\/\" rel=\"bookmark\">A ess\u00eancia da medita\u00e7\u00e3o agosto de 2026<\/a><\/h2><!-- Event Content --><div class=\"ect-event-content\"><p>\u00a0 Carater\u00edsticas Dia de chegada: Check-in \u00e0s 15 h, Introdu\u00e7\u00e3o 16:15, HarpMood 17.45 h, Ceia 19.00 Programa: Dia da chegada - Dia da instru\u00e7\u00e3o - Dia do sil\u00eancio - Dia da partida Partida...<\/p>\n<\/div><!-- Event Ticket Price Info -->\n                 <div class=\"ect-rate-area\">\n                 <span class=\"ect-icon\"><i class=\"ect-icon-ticket\"><\/i><\/span>\n                 <span class=\"ect-rate\">\u20ac319<\/span>\n                 <\/div><a href=\"https:\/\/nijar.org\/it\/evento\/lessenza-della-meditazione-agosto-2026\/\" class=\"ect-events-read-more\" rel=\"bookmark\" data-no-translation=\"\" data-trp-gettext=\"\">Per saperne di pi\u00f9<\/a><\/div><div class=\"ect-list-venue default-venue\"><span class=\"ect-icon\"><i class=\"ect-icon-location\"><\/i><\/span><!-- Event Venue Info -->\n\t\t\t\t\t\t\t<span class=\"ect-venue-details ect-address\">\n\t\t\t\t\t\t\t<div>O Jardim de N\u00e2m Living,<span class=\"tribe-address\">\n\n<span class=\"tribe-street-address\">Centro de Medita\u00e7\u00e3o N\u00edjar<\/span>\n\t\n\t\t<br>\n\t\t<span class=\"tribe-locality\">N\u00ecjar<\/span><span class=\"tribe-delimiter\">,<\/span>\n\n\t<abbr class=\"tribe-region tribe-events-abbr\" title=\"N\u00ecjar\" data-no-translation-title=\"\">N\u00ecjar<\/abbr>\n\n\t<span class=\"tribe-postal-code\">04100<\/span>\n\n\t<span class=\"tribe-country-name\">Espanha<\/span>\n\n<\/span>\n<\/div><span class=\"ect-google\"><a class=\"tribe-events-gmap\" href=\"https:\/\/maps.google.com\/maps?f=q&#038;source=s_q&#038;hl=en&#038;geocode=&#038;q=N%C3%ADjar+Meditation+Center+N%C3%ACjar+N%C3%ACjar+04100+Spain\" title=\"Fai clic per visualizzare una mappa Google Maps\" target=\"_blank\" rel=\"noreferrer noopener\" data-no-translation=\"\" data-trp-gettext=\"\" data-no-translation-title=\"\">+ Google Maps<\/a><\/span><\/span><\/div><\/div><\/div><!-- right-wrapper close --><\/div><!-- event-loop-end --><div id=\"event-9795\" class=\"ect-list-post style-1 ect-simple-event future\"><div class=\"ect-list-post-left\">\n\t\t\t\t<div class=\"ect-list-img\" style=\"background-image:url(&#039;https:\/\/nijar.org\/wp-content\/uploads\/2023\/06\/retreat-book-1024x576.jpeg&#039;);background-size:cover;\"><a href=\"https:\/\/nijar.org\/it\/evento\/ritiro-di-nam-silence-per-donne-con-yoginam-settembre-2026\/\" alt=\"N\u00e2m Silence Retreat for Women with Yogin\u00e2m September 2026\" rel=\"bookmark\"><div class=\"ect-list-date\"><div class=\"ect-date-area default-schedule\"><span class=\"ev-day\">17<\/span>\n\t\t\t\t\t<span class=\"ev-mo\">setembro<\/span>\n\t\t\t\t\t<span class=\"ev-yr\">2026<\/span><\/div><\/div><\/a><\/div><\/div><!-- left-post close --><div class=\"ect-list-post-right\">\n\t\t\t\t<div class=\"ect-list-post-right-table\"><div class=\"ect-list-description\"><h2 class=\"ect-list-title\"><a class=\"ect-event-url\" href=\"https:\/\/nijar.org\/it\/evento\/ritiro-di-nam-silence-per-donne-con-yoginam-settembre-2026\/\" rel=\"bookmark\">Retiro de sil\u00eancio N\u00e2m para mulheres com Yogin\u00e2m setembro de 2026<\/a><\/h2><!-- Event Content --><div class=\"ect-event-content\"><p>Cinco dias de sil\u00eancio total com um programa di\u00e1rio de medita\u00e7\u00f5es regulares apoiadas por monges e pela HarpMood da Yogin\u00e2m. Este retiro \u00e9 apenas para mulheres. O que \u00e9 um Retiro de Sil\u00eancio N\u00e2m?...<\/p>\n<\/div><!-- Event Ticket Price Info -->\n                 <div class=\"ect-rate-area\">\n                 <span class=\"ect-icon\"><i class=\"ect-icon-ticket\"><\/i><\/span>\n                 <span class=\"ect-rate\">\u20ac759<\/span>\n                 <\/div><a href=\"https:\/\/nijar.org\/it\/evento\/ritiro-di-nam-silence-per-donne-con-yoginam-settembre-2026\/\" class=\"ect-events-read-more\" rel=\"bookmark\" data-no-translation=\"\" data-trp-gettext=\"\">Per saperne di pi\u00f9<\/a><\/div><div class=\"ect-list-venue default-venue\"><span class=\"ect-icon\"><i class=\"ect-icon-location\"><\/i><\/span><!-- Event Venue Info -->\n\t\t\t\t\t\t\t<span class=\"ect-venue-details ect-address\">\n\t\t\t\t\t\t\t<div>O Jardim de N\u00e2m Living,<span class=\"tribe-address\">\n\n<span class=\"tribe-street-address\">Centro de Medita\u00e7\u00e3o N\u00edjar<\/span>\n\t\n\t\t<br>\n\t\t<span class=\"tribe-locality\">N\u00ecjar<\/span><span class=\"tribe-delimiter\">,<\/span>\n\n\t<abbr class=\"tribe-region tribe-events-abbr\" title=\"N\u00ecjar\" data-no-translation-title=\"\">N\u00ecjar<\/abbr>\n\n\t<span class=\"tribe-postal-code\">04100<\/span>\n\n\t<span class=\"tribe-country-name\">Espanha<\/span>\n\n<\/span>\n<\/div><span class=\"ect-google\"><a class=\"tribe-events-gmap\" href=\"https:\/\/maps.google.com\/maps?f=q&#038;source=s_q&#038;hl=en&#038;geocode=&#038;q=N%C3%ADjar+Meditation+Center+N%C3%ACjar+N%C3%ACjar+04100+Spain\" title=\"Fai clic per visualizzare una mappa Google Maps\" target=\"_blank\" rel=\"noreferrer noopener\" data-no-translation=\"\" data-trp-gettext=\"\" data-no-translation-title=\"\">+ Google Maps<\/a><\/span><\/span><\/div><\/div><\/div><!-- right-wrapper close --><\/div><!-- event-loop-end --><div id=\"event-10239\" class=\"ect-list-post style-1 ect-simple-event future\"><div class=\"ect-list-post-left\">\n\t\t\t\t<div class=\"ect-list-img\" style=\"background-image:url(&#039;https:\/\/nijar.org\/wp-content\/uploads\/2025\/11\/WhatsApp-Image-2022-10-04-at-151551-1024x576.jpeg&#039;);background-size:cover;\"><a href=\"https:\/\/nijar.org\/it\/evento\/lessenza-della-meditazione-ottobre-2026\/\" alt=\"The Essence of Meditation October 2026\" rel=\"bookmark\"><div class=\"ect-list-date\"><div class=\"ect-date-area default-schedule\"><span class=\"ev-day\">08<\/span>\n\t\t\t\t\t<span class=\"ev-mo\">Oitocentos<\/span>\n\t\t\t\t\t<span class=\"ev-yr\">2026<\/span><\/div><\/div><\/a><\/div><\/div><!-- left-post close --><div class=\"ect-list-post-right\">\n\t\t\t\t<div class=\"ect-list-post-right-table\"><div class=\"ect-list-description\"><h2 class=\"ect-list-title\"><a class=\"ect-event-url\" href=\"https:\/\/nijar.org\/it\/evento\/lessenza-della-meditazione-ottobre-2026\/\" rel=\"bookmark\">A ess\u00eancia da medita\u00e7\u00e3o outubro de 2026<\/a><\/h2><!-- Event Content --><div class=\"ect-event-content\"><p>\u00a0 Carater\u00edsticas Dia de chegada: Check-in \u00e0s 15 h, Introdu\u00e7\u00e3o 16:15, HarpMood 17.45 h, Ceia 19.00 Programa: Dia da chegada - Dia da instru\u00e7\u00e3o - Dia do sil\u00eancio - Dia da partida Partida...<\/p>\n<\/div><!-- Event Ticket Price Info -->\n                 <div class=\"ect-rate-area\">\n                 <span class=\"ect-icon\"><i class=\"ect-icon-ticket\"><\/i><\/span>\n                 <span class=\"ect-rate\">\u20ac319<\/span>\n                 <\/div><a href=\"https:\/\/nijar.org\/it\/evento\/lessenza-della-meditazione-ottobre-2026\/\" class=\"ect-events-read-more\" rel=\"bookmark\" data-no-translation=\"\" data-trp-gettext=\"\">Per saperne di pi\u00f9<\/a><\/div><div class=\"ect-list-venue default-venue\"><span class=\"ect-icon\"><i class=\"ect-icon-location\"><\/i><\/span><!-- Event Venue Info -->\n\t\t\t\t\t\t\t<span class=\"ect-venue-details ect-address\">\n\t\t\t\t\t\t\t<div>O Jardim de N\u00e2m Living,<span class=\"tribe-address\">\n\n<span class=\"tribe-street-address\">Centro de Medita\u00e7\u00e3o N\u00edjar<\/span>\n\t\n\t\t<br>\n\t\t<span class=\"tribe-locality\">N\u00ecjar<\/span><span class=\"tribe-delimiter\">,<\/span>\n\n\t<abbr class=\"tribe-region tribe-events-abbr\" title=\"N\u00ecjar\" data-no-translation-title=\"\">N\u00ecjar<\/abbr>\n\n\t<span class=\"tribe-postal-code\">04100<\/span>\n\n\t<span class=\"tribe-country-name\">Espanha<\/span>\n\n<\/span>\n<\/div><span class=\"ect-google\"><a class=\"tribe-events-gmap\" href=\"https:\/\/maps.google.com\/maps?f=q&#038;source=s_q&#038;hl=en&#038;geocode=&#038;q=N%C3%ADjar+Meditation+Center+N%C3%ACjar+N%C3%ACjar+04100+Spain\" title=\"Fai clic per visualizzare una mappa Google Maps\" target=\"_blank\" rel=\"noreferrer noopener\" data-no-translation=\"\" data-trp-gettext=\"\" data-no-translation-title=\"\">+ Google Maps<\/a><\/span><\/span><\/div><\/div><\/div><!-- right-wrapper close --><\/div><!-- event-loop-end --><div id=\"event-9417\" class=\"ect-list-post style-1 ect-simple-event future\"><div class=\"ect-list-post-left\">\n\t\t\t\t<div class=\"ect-list-img\" style=\"background-image:url(&#039;https:\/\/nijar.org\/wp-content\/uploads\/2023\/06\/WhatsApp-Image-2022-10-04-at-15.15.51-1024x576.jpeg&#039;);background-size:cover;\"><a href=\"https:\/\/nijar.org\/it\/evento\/ritiro-di-nam-silence-per-uomini-con-yoginam-ottobre-2026\/\" alt=\"N\u00e2m Silence Retreat for Men with Yogin\u00e2m October 2026\" rel=\"bookmark\"><div class=\"ect-list-date\"><div class=\"ect-date-area default-schedule\"><span class=\"ev-day\">18<\/span>\n\t\t\t\t\t<span class=\"ev-mo\">Oitocentos<\/span>\n\t\t\t\t\t<span class=\"ev-yr\">2026<\/span><\/div><\/div><\/a><\/div><\/div><!-- left-post close --><div class=\"ect-list-post-right\">\n\t\t\t\t<div class=\"ect-list-post-right-table\"><div class=\"ect-list-description\"><h2 class=\"ect-list-title\"><a class=\"ect-event-url\" href=\"https:\/\/nijar.org\/it\/evento\/ritiro-di-nam-silence-per-uomini-con-yoginam-ottobre-2026\/\" rel=\"bookmark\">Retiro de sil\u00eancio N\u00e2m para homens com Yogin\u00e2m outubro 2026<\/a><\/h2><!-- Event Content --><div class=\"ect-event-content\"><p>Cinco dias de sil\u00eancio total com um programa di\u00e1rio de medita\u00e7\u00f5es regulares apoiadas por monges e pela HarpMood da Yogin\u00e2m. Este retiro \u00e9 apenas para homens. O que \u00e9 um retiro de sil\u00eancio N\u00e2m?...<\/p>\n<\/div><!-- Event Ticket Price Info -->\n                 <div class=\"ect-rate-area\">\n                 <span class=\"ect-icon\"><i class=\"ect-icon-ticket\"><\/i><\/span>\n                 <span class=\"ect-rate\">\u20ac759<\/span>\n                 <\/div><a href=\"https:\/\/nijar.org\/it\/evento\/ritiro-di-nam-silence-per-uomini-con-yoginam-ottobre-2026\/\" class=\"ect-events-read-more\" rel=\"bookmark\" data-no-translation=\"\" data-trp-gettext=\"\">Per saperne di pi\u00f9<\/a><\/div><div class=\"ect-list-venue default-venue\"><span class=\"ect-icon\"><i class=\"ect-icon-location\"><\/i><\/span><!-- Event Venue Info -->\n\t\t\t\t\t\t\t<span class=\"ect-venue-details ect-address\">\n\t\t\t\t\t\t\t<div>O Jardim de N\u00e2m Living,<span class=\"tribe-address\">\n\n<span class=\"tribe-street-address\">Centro de Medita\u00e7\u00e3o N\u00edjar<\/span>\n\t\n\t\t<br>\n\t\t<span class=\"tribe-locality\">N\u00ecjar<\/span><span class=\"tribe-delimiter\">,<\/span>\n\n\t<abbr class=\"tribe-region tribe-events-abbr\" title=\"N\u00ecjar\" data-no-translation-title=\"\">N\u00ecjar<\/abbr>\n\n\t<span class=\"tribe-postal-code\">04100<\/span>\n\n\t<span class=\"tribe-country-name\">Espanha<\/span>\n\n<\/span>\n<\/div><span class=\"ect-google\"><a class=\"tribe-events-gmap\" href=\"https:\/\/maps.google.com\/maps?f=q&#038;source=s_q&#038;hl=en&#038;geocode=&#038;q=N%C3%ADjar+Meditation+Center+N%C3%ACjar+N%C3%ACjar+04100+Spain\" title=\"Fai clic per visualizzare una mappa Google Maps\" target=\"_blank\" rel=\"noreferrer noopener\" data-no-translation=\"\" data-trp-gettext=\"\" data-no-translation-title=\"\">+ Google Maps<\/a><\/span><\/span><\/div><\/div><\/div><!-- right-wrapper close --><\/div><!-- event-loop-end --><div id=\"event-10888\" class=\"ect-list-post style-1 ect-simple-event future\"><div class=\"ect-list-post-left\">\n\t\t\t\t<div class=\"ect-list-img\" style=\"background-image:url(&#039;https:\/\/nijar.org\/wp-content\/uploads\/2026\/02\/DSC05208-1024x576.webp&#039;);background-size:cover;\"><a href=\"https:\/\/nijar.org\/it\/evento\/vita-significativa-5-giorni-intensivi-novembre-2026\/\" alt=\"Meaningful Living 5-day Intensive November 2026\" rel=\"bookmark\"><div class=\"ect-list-date\"><div class=\"ect-date-area default-schedule\"><span class=\"ev-day\">11<\/span>\n\t\t\t\t\t<span class=\"ev-mo\">novembro<\/span>\n\t\t\t\t\t<span class=\"ev-yr\">2026<\/span><\/div><\/div><\/a><\/div><\/div><!-- left-post close --><div class=\"ect-list-post-right\">\n\t\t\t\t<div class=\"ect-list-post-right-table\"><div class=\"ect-list-description\"><h2 class=\"ect-list-title\"><a class=\"ect-event-url\" href=\"https:\/\/nijar.org\/it\/evento\/vita-significativa-5-giorni-intensivi-novembre-2026\/\" rel=\"bookmark\">Vida Significativa Intensivo de 5 dias novembro de 2026<\/a><\/h2><!-- Event Content --><div class=\"ect-event-content\"><p>\u00a0 Bem-vindo ao Meaningful Living Junte-se a n\u00f3s para uma viagem transformadora de auto-descoberta num ambiente sereno e pac\u00edfico.  O retiro Meaningful Living foi concebido para o ajudar a cultivar uma...<\/p>\n<\/div><!-- Event Ticket Price Info -->\n                 <div class=\"ect-rate-area\">\n                 <span class=\"ect-icon\"><i class=\"ect-icon-ticket\"><\/i><\/span>\n                 <span class=\"ect-rate\">\u20ac417<\/span>\n                 <\/div><a href=\"https:\/\/nijar.org\/it\/evento\/vita-significativa-5-giorni-intensivi-novembre-2026\/\" class=\"ect-events-read-more\" rel=\"bookmark\" data-no-translation=\"\" data-trp-gettext=\"\">Per saperne di pi\u00f9<\/a><\/div><div class=\"ect-list-venue default-venue\"><span class=\"ect-icon\"><i class=\"ect-icon-location\"><\/i><\/span><!-- Event Venue Info -->\n\t\t\t\t\t\t\t<span class=\"ect-venue-details ect-address\">\n\t\t\t\t\t\t\t<div>O Jardim de N\u00e2m Living,<span class=\"tribe-address\">\n\n<span class=\"tribe-street-address\">Centro de Medita\u00e7\u00e3o N\u00edjar<\/span>\n\t\n\t\t<br>\n\t\t<span class=\"tribe-locality\">N\u00ecjar<\/span><span class=\"tribe-delimiter\">,<\/span>\n\n\t<abbr class=\"tribe-region tribe-events-abbr\" title=\"N\u00ecjar\" data-no-translation-title=\"\">N\u00ecjar<\/abbr>\n\n\t<span class=\"tribe-postal-code\">04100<\/span>\n\n\t<span class=\"tribe-country-name\">Espanha<\/span>\n\n<\/span>\n<\/div><span class=\"ect-google\"><a class=\"tribe-events-gmap\" href=\"https:\/\/maps.google.com\/maps?f=q&#038;source=s_q&#038;hl=en&#038;geocode=&#038;q=N%C3%ADjar+Meditation+Center+N%C3%ACjar+N%C3%ACjar+04100+Spain\" title=\"Fai clic per visualizzare una mappa Google Maps\" target=\"_blank\" rel=\"noreferrer noopener\" data-no-translation=\"\" data-trp-gettext=\"\" data-no-translation-title=\"\">+ Google Maps<\/a><\/span><\/span><\/div><\/div><\/div><!-- right-wrapper close --><\/div><!-- event-loop-end --><div id=\"event-10256\" class=\"ect-list-post style-1 ect-simple-event future\"><div class=\"ect-list-post-left\">\n\t\t\t\t<div class=\"ect-list-img\" style=\"background-image:url(&#039;https:\/\/nijar.org\/wp-content\/uploads\/2025\/11\/WhatsApp-Image-2022-10-04-at-151551-1024x576.jpeg&#039;);background-size:cover;\"><a href=\"https:\/\/nijar.org\/it\/evento\/lessenza-della-meditazione-dicembre-2026\/\" alt=\"The Essence of Meditation December 2026\" rel=\"bookmark\"><div class=\"ect-list-date\"><div class=\"ect-date-area default-schedule\"><span class=\"ev-day\">10<\/span>\n\t\t\t\t\t<span class=\"ev-mo\">dezembro<\/span>\n\t\t\t\t\t<span class=\"ev-yr\">2026<\/span><\/div><\/div><\/a><\/div><\/div><!-- left-post close --><div class=\"ect-list-post-right\">\n\t\t\t\t<div class=\"ect-list-post-right-table\"><div class=\"ect-list-description\"><h2 class=\"ect-list-title\"><a class=\"ect-event-url\" href=\"https:\/\/nijar.org\/it\/evento\/lessenza-della-meditazione-dicembre-2026\/\" rel=\"bookmark\">A ess\u00eancia da medita\u00e7\u00e3o dezembro de 2026<\/a><\/h2><!-- Event Content --><div class=\"ect-event-content\"><p>\u00a0 Carater\u00edsticas Dia de chegada: Check-in \u00e0s 15 h, Introdu\u00e7\u00e3o 16:15, HarpMood 17.45 h, Ceia 19.00 Programa: Dia da chegada - Dia da instru\u00e7\u00e3o - Dia do sil\u00eancio - Dia da partida Partida...<\/p>\n<\/div><!-- Event Ticket Price Info -->\n                 <div class=\"ect-rate-area\">\n                 <span class=\"ect-icon\"><i class=\"ect-icon-ticket\"><\/i><\/span>\n                 <span class=\"ect-rate\">\u20ac319<\/span>\n                 <\/div><a href=\"https:\/\/nijar.org\/it\/evento\/lessenza-della-meditazione-dicembre-2026\/\" class=\"ect-events-read-more\" rel=\"bookmark\" data-no-translation=\"\" data-trp-gettext=\"\">Per saperne di pi\u00f9<\/a><\/div><div class=\"ect-list-venue default-venue\"><span class=\"ect-icon\"><i class=\"ect-icon-location\"><\/i><\/span><!-- Event Venue Info -->\n\t\t\t\t\t\t\t<span class=\"ect-venue-details ect-address\">\n\t\t\t\t\t\t\t<div>O Jardim de N\u00e2m Living,<span class=\"tribe-address\">\n\n<span class=\"tribe-street-address\">Centro de Medita\u00e7\u00e3o N\u00edjar<\/span>\n\t\n\t\t<br>\n\t\t<span class=\"tribe-locality\">N\u00ecjar<\/span><span class=\"tribe-delimiter\">,<\/span>\n\n\t<abbr class=\"tribe-region tribe-events-abbr\" title=\"N\u00ecjar\" data-no-translation-title=\"\">N\u00ecjar<\/abbr>\n\n\t<span class=\"tribe-postal-code\">04100<\/span>\n\n\t<span class=\"tribe-country-name\">Espanha<\/span>\n\n<\/span>\n<\/div><span class=\"ect-google\"><a class=\"tribe-events-gmap\" href=\"https:\/\/maps.google.com\/maps?f=q&#038;source=s_q&#038;hl=en&#038;geocode=&#038;q=N%C3%ADjar+Meditation+Center+N%C3%ACjar+N%C3%ACjar+04100+Spain\" title=\"Fai clic per visualizzare una mappa Google Maps\" target=\"_blank\" rel=\"noreferrer noopener\" data-no-translation=\"\" data-trp-gettext=\"\" data-no-translation-title=\"\">+ Google Maps<\/a><\/span><\/span><\/div><\/div><\/div><!-- right-wrapper close --><\/div><!-- event-loop-end --><\/div><\/div><\/p><\/div>\n\t\t\t\t<\/div>\n\t\t\t\t\t\t\t<div class=\"elementor-toggle-item\">\n\t\t\t\t\t<div id=\"elementor-tab-title-1722\" class=\"elementor-tab-title\" data-tab=\"2\" role=\"button\" aria-controls=\"elementor-tab-content-1722\" aria-expanded=\"false\">\n\t\t\t\t\t\t\t\t\t\t\t\t<span class=\"elementor-toggle-icon elementor-toggle-icon-left\" aria-hidden=\"true\">\n\t\t\t\t\t\t\t\t\t\t\t\t\t\t\t<span class=\"elementor-toggle-icon-closed\"><i class=\"fas fa-caret-right\"><\/i><\/span>\n\t\t\t\t\t\t\t\t<span class=\"elementor-toggle-icon-opened\"><i class=\"elementor-toggle-icon-opened fas fa-caret-up\"><\/i><\/span>\n\t\t\t\t\t\t\t\t\t\t\t\t\t<\/span>\n\t\t\t\t\t\t\t\t\t\t\t\t<a class=\"elementor-toggle-title\" tabindex=\"0\">Retiros de ioga<\/a>\n\t\t\t\t\t<\/div>\n\n\t\t\t\t\t<div id=\"elementor-tab-content-1722\" class=\"elementor-tab-content elementor-clearfix\" data-tab=\"2\" role=\"region\" aria-labelledby=\"elementor-tab-title-1722\"><p><div id=\"ect-no-events\"><p>De momento, n\u00e3o existem eventos futuros<\/p><\/div><\/p><\/div>\n\t\t\t\t<\/div>\n\t\t\t\t\t\t\t<div class=\"elementor-toggle-item\">\n\t\t\t\t\t<div id=\"elementor-tab-title-1723\" class=\"elementor-tab-title\" data-tab=\"3\" role=\"button\" aria-controls=\"elementor-tab-content-1723\" aria-expanded=\"false\">\n\t\t\t\t\t\t\t\t\t\t\t\t<span class=\"elementor-toggle-icon elementor-toggle-icon-left\" aria-hidden=\"true\">\n\t\t\t\t\t\t\t\t\t\t\t\t\t\t\t<span class=\"elementor-toggle-icon-closed\"><i class=\"fas fa-caret-right\"><\/i><\/span>\n\t\t\t\t\t\t\t\t<span class=\"elementor-toggle-icon-opened\"><i class=\"elementor-toggle-icon-opened fas fa-caret-up\"><\/i><\/span>\n\t\t\t\t\t\t\t\t\t\t\t\t\t<\/span>\n\t\t\t\t\t\t\t\t\t\t\t\t<a class=\"elementor-toggle-title\" tabindex=\"0\">Workshops<\/a>\n\t\t\t\t\t<\/div>\n\n\t\t\t\t\t<div id=\"elementor-tab-content-1723\" class=\"elementor-tab-content elementor-clearfix\" data-tab=\"3\" role=\"region\" aria-labelledby=\"elementor-tab-title-1723\"><p><div id=\"ect-no-events\"><p>De momento, n\u00e3o existem eventos futuros<\/p><\/div><\/p><\/div>\n\t\t\t\t<\/div>\n\t\t\t\t\t\t\t<div class=\"elementor-toggle-item\">\n\t\t\t\t\t<div id=\"elementor-tab-title-1724\" class=\"elementor-tab-title\" data-tab=\"4\" role=\"button\" aria-controls=\"elementor-tab-content-1724\" aria-expanded=\"false\">\n\t\t\t\t\t\t\t\t\t\t\t\t<span class=\"elementor-toggle-icon elementor-toggle-icon-left\" aria-hidden=\"true\">\n\t\t\t\t\t\t\t\t\t\t\t\t\t\t\t<span class=\"elementor-toggle-icon-closed\"><i class=\"fas fa-caret-right\"><\/i><\/span>\n\t\t\t\t\t\t\t\t<span class=\"elementor-toggle-icon-opened\"><i class=\"elementor-toggle-icon-opened fas fa-caret-up\"><\/i><\/span>\n\t\t\t\t\t\t\t\t\t\t\t\t\t<\/span>\n\t\t\t\t\t\t\t\t\t\t\t\t<a class=\"elementor-toggle-title\" tabindex=\"0\">Todos os eventos<\/a>\n\t\t\t\t\t<\/div>\n\n\t\t\t\t\t<div id=\"elementor-tab-content-1724\" class=\"elementor-tab-content elementor-clearfix\" data-tab=\"4\" role=\"region\" aria-labelledby=\"elementor-tab-title-1724\"><p><!=========Events list Template 2.6.2=========><div id=\"ect-events-list-content\"><div id=\"list-wrp\" class=\"ect-list-wrapper all\"><div id=\"event-9411\" class=\"ect-list-post style-1 ect-simple-event future\"><div class=\"ect-list-post-left\">\n\t\t\t\t<div class=\"ect-list-img\" style=\"background-image:url(&#039;https:\/\/nijar.org\/wp-content\/uploads\/2024\/02\/retreat-blur-759x1024.jpg&#039;);background-size:cover;\"><a href=\"https:\/\/nijar.org\/it\/evento\/ritiro-del-silenzio-con-yoginam-aprile-2026\/\" alt=\"N\u00e2m Silence Retreat with Yogin\u00e2m April 2026 (Fully Booked)\" rel=\"bookmark\"><div class=\"ect-list-date\"><div class=\"ect-date-area default-schedule\"><span class=\"ev-day\">26<\/span>\n\t\t\t\t\t<span class=\"ev-mo\">Aprile<\/span>\n\t\t\t\t\t<span class=\"ev-yr\">2026<\/span><\/div><\/div><\/a><\/div><\/div><!-- left-post close --><div class=\"ect-list-post-right\">\n\t\t\t\t<div class=\"ect-list-post-right-table\"><div class=\"ect-list-description\"><h2 class=\"ect-list-title\"><a class=\"ect-event-url\" href=\"https:\/\/nijar.org\/it\/evento\/ritiro-del-silenzio-con-yoginam-aprile-2026\/\" rel=\"bookmark\">N\u00e2m Silence Retreat with Yogin\u00e2m April 2026 (Fully Booked)<\/a><\/h2><!-- Event Content --><div class=\"ect-event-content\"><p>Cinco dias de sil\u00eancio total com um programa di\u00e1rio de medita\u00e7\u00f5es regulares apoiadas por monges e pela HarpMood da Yogin\u00e2m. O que \u00e9 um Retiro de Sil\u00eancio N\u00e2m? Por favor, clique aqui.<\/p>\n<\/div><!-- Event Ticket Price Info -->\n                 <div class=\"ect-rate-area\">\n                 <span class=\"ect-icon\"><i class=\"ect-icon-ticket\"><\/i><\/span>\n                 <span class=\"ect-rate\">\u20ac759<\/span>\n                 <\/div><a href=\"https:\/\/nijar.org\/it\/evento\/ritiro-del-silenzio-con-yoginam-aprile-2026\/\" class=\"ect-events-read-more\" rel=\"bookmark\" data-no-translation=\"\" data-trp-gettext=\"\">Per saperne di pi\u00f9<\/a><\/div><div class=\"ect-list-venue default-venue\"><span class=\"ect-icon\"><i class=\"ect-icon-location\"><\/i><\/span><!-- Event Venue Info -->\n\t\t\t\t\t\t\t<span class=\"ect-venue-details ect-address\">\n\t\t\t\t\t\t\t<div>O Jardim de N\u00e2m Living,<span class=\"tribe-address\">\n\n<span class=\"tribe-street-address\">Centro de Medita\u00e7\u00e3o N\u00edjar<\/span>\n\t\n\t\t<br>\n\t\t<span class=\"tribe-locality\">N\u00ecjar<\/span><span class=\"tribe-delimiter\">,<\/span>\n\n\t<abbr class=\"tribe-region tribe-events-abbr\" title=\"N\u00ecjar\" data-no-translation-title=\"\">N\u00ecjar<\/abbr>\n\n\t<span class=\"tribe-postal-code\">04100<\/span>\n\n\t<span class=\"tribe-country-name\">Espanha<\/span>\n\n<\/span>\n<\/div><span class=\"ect-google\"><a class=\"tribe-events-gmap\" href=\"https:\/\/maps.google.com\/maps?f=q&#038;source=s_q&#038;hl=en&#038;geocode=&#038;q=N%C3%ADjar+Meditation+Center+N%C3%ACjar+N%C3%ACjar+04100+Spain\" title=\"Fai clic per visualizzare una mappa Google Maps\" target=\"_blank\" rel=\"noreferrer noopener\" data-no-translation=\"\" data-trp-gettext=\"\" data-no-translation-title=\"\">+ Google Maps<\/a><\/span><\/span><\/div><\/div><\/div><!-- right-wrapper close --><\/div><!-- event-loop-end --><div id=\"event-10138\" class=\"ect-list-post style-1 ect-simple-event future\"><div class=\"ect-list-post-left\">\n\t\t\t\t<div class=\"ect-list-img\" style=\"background-image:url(&#039;https:\/\/nijar.org\/wp-content\/uploads\/2024\/10\/Goodmorning-Yoga-1024x683.jpg&#039;);background-size:cover;\"><a href=\"https:\/\/nijar.org\/it\/evento\/5-giorni-di-yoga-intensivo-maggio-2026\/\" alt=\"5 Days Yoga Intensive May 2026\" rel=\"bookmark\"><div class=\"ect-list-date\"><div class=\"ect-date-area default-schedule\"><span class=\"ev-day\">08<\/span>\n\t\t\t\t\t<span class=\"ev-mo\">Maggio<\/span>\n\t\t\t\t\t<span class=\"ev-yr\">2026<\/span><\/div><\/div><\/a><\/div><\/div><!-- left-post close --><div class=\"ect-list-post-right\">\n\t\t\t\t<div class=\"ect-list-post-right-table\"><div class=\"ect-list-description\"><h2 class=\"ect-list-title\"><a class=\"ect-event-url\" href=\"https:\/\/nijar.org\/it\/evento\/5-giorni-di-yoga-intensivo-maggio-2026\/\" rel=\"bookmark\">5 dias de Yoga Intensivo maio 2026<\/a><\/h2><!-- Event Content --><div class=\"ect-event-content\"><p>\u00a0 Carater\u00edsticas Dia de chegada: Check-in \u00e0s 15 h, Introdu\u00e7\u00e3o 16:30, Medita\u00e7\u00e3o 18 h, Ceia 19.30 Programa: Tr\u00eas dias completos Dia de partida: Check out ap\u00f3s a medita\u00e7\u00e3o matinal \u00e0s 11 h...<\/p>\n<\/div><!-- Event Ticket Price Info -->\n                 <div class=\"ect-rate-area\">\n                 <span class=\"ect-icon\"><i class=\"ect-icon-ticket\"><\/i><\/span>\n                 <span class=\"ect-rate\">\u20ac392<\/span>\n                 <\/div><a href=\"https:\/\/nijar.org\/it\/evento\/5-giorni-di-yoga-intensivo-maggio-2026\/\" class=\"ect-events-read-more\" rel=\"bookmark\" data-no-translation=\"\" data-trp-gettext=\"\">Per saperne di pi\u00f9<\/a><\/div><div class=\"ect-list-venue default-venue\"><span class=\"ect-icon\"><i class=\"ect-icon-location\"><\/i><\/span><!-- Event Venue Info -->\n\t\t\t\t\t\t\t<span class=\"ect-venue-details ect-address\">\n\t\t\t\t\t\t\t<div>O Jardim de N\u00e2m Living,<span class=\"tribe-address\">\n\n<span class=\"tribe-street-address\">Centro de Medita\u00e7\u00e3o N\u00edjar<\/span>\n\t\n\t\t<br>\n\t\t<span class=\"tribe-locality\">N\u00ecjar<\/span><span class=\"tribe-delimiter\">,<\/span>\n\n\t<abbr class=\"tribe-region tribe-events-abbr\" title=\"N\u00ecjar\" data-no-translation-title=\"\">N\u00ecjar<\/abbr>\n\n\t<span class=\"tribe-postal-code\">04100<\/span>\n\n\t<span class=\"tribe-country-name\">Espanha<\/span>\n\n<\/span>\n<\/div><span class=\"ect-google\"><a class=\"tribe-events-gmap\" href=\"https:\/\/maps.google.com\/maps?f=q&#038;source=s_q&#038;hl=en&#038;geocode=&#038;q=N%C3%ADjar+Meditation+Center+N%C3%ACjar+N%C3%ACjar+04100+Spain\" title=\"Fai clic per visualizzare una mappa Google Maps\" target=\"_blank\" rel=\"noreferrer noopener\" data-no-translation=\"\" data-trp-gettext=\"\" data-no-translation-title=\"\">+ Google Maps<\/a><\/span><\/span><\/div><\/div><\/div><!-- right-wrapper close --><\/div><!-- event-loop-end --><div id=\"event-9765\" class=\"ect-list-post style-1 ect-simple-event future\"><div class=\"ect-list-post-left\">\n\t\t\t\t<div class=\"ect-list-img\" style=\"background-image:url(&#039;https:\/\/nijar.org\/wp-content\/uploads\/2023\/01\/IMG_0302-cut-844x1024.jpg&#039;);background-size:cover;\"><a href=\"https:\/\/nijar.org\/it\/evento\/3-giorni-di-yoga-8-maggio-2026\/\" alt=\"3 Days Yoga Experience May 8th 2026\" rel=\"bookmark\"><div class=\"ect-list-date\"><div class=\"ect-date-area default-schedule\"><span class=\"ev-day\">08<\/span>\n\t\t\t\t\t<span class=\"ev-mo\">Maggio<\/span>\n\t\t\t\t\t<span class=\"ev-yr\">2026<\/span><\/div><\/div><\/a><\/div><\/div><!-- left-post close --><div class=\"ect-list-post-right\">\n\t\t\t\t<div class=\"ect-list-post-right-table\"><div class=\"ect-list-description\"><h2 class=\"ect-list-title\"><a class=\"ect-event-url\" href=\"https:\/\/nijar.org\/it\/evento\/3-giorni-di-yoga-8-maggio-2026\/\" rel=\"bookmark\">3 dias de experi\u00eancia de ioga 8 de maio de 2026<\/a><\/h2><!-- Event Content --><div class=\"ect-event-content\"><p>\u00a0 Carater\u00edsticas Dia de chegada: Check in \u00e0s 15 h, introdu\u00e7\u00e3o 16:30, medita\u00e7\u00e3o 18 h, jantar 19.00 Programa: 3 dias com possibilidade de prolongamento para 5 dias de Yoga...<\/p>\n<\/div><!-- Event Ticket Price Info -->\n                 <div class=\"ect-rate-area\">\n                 <span class=\"ect-icon\"><i class=\"ect-icon-ticket\"><\/i><\/span>\n                 <span class=\"ect-rate\">\u20ac196<\/span>\n                 <\/div><a href=\"https:\/\/nijar.org\/it\/evento\/3-giorni-di-yoga-8-maggio-2026\/\" class=\"ect-events-read-more\" rel=\"bookmark\" data-no-translation=\"\" data-trp-gettext=\"\">Per saperne di pi\u00f9<\/a><\/div><div class=\"ect-list-venue default-venue\"><span class=\"ect-icon\"><i class=\"ect-icon-location\"><\/i><\/span><!-- Event Venue Info -->\n\t\t\t\t\t\t\t<span class=\"ect-venue-details ect-address\">\n\t\t\t\t\t\t\t<div>O Jardim de N\u00e2m Living,<span class=\"tribe-address\">\n\n<span class=\"tribe-street-address\">Centro de Medita\u00e7\u00e3o N\u00edjar<\/span>\n\t\n\t\t<br>\n\t\t<span class=\"tribe-locality\">N\u00ecjar<\/span><span class=\"tribe-delimiter\">,<\/span>\n\n\t<abbr class=\"tribe-region tribe-events-abbr\" title=\"N\u00ecjar\" data-no-translation-title=\"\">N\u00ecjar<\/abbr>\n\n\t<span class=\"tribe-postal-code\">04100<\/span>\n\n\t<span class=\"tribe-country-name\">Espanha<\/span>\n\n<\/span>\n<\/div><span class=\"ect-google\"><a class=\"tribe-events-gmap\" href=\"https:\/\/maps.google.com\/maps?f=q&#038;source=s_q&#038;hl=en&#038;geocode=&#038;q=N%C3%ADjar+Meditation+Center+N%C3%ACjar+N%C3%ACjar+04100+Spain\" title=\"Fai clic per visualizzare una mappa Google Maps\" target=\"_blank\" rel=\"noreferrer noopener\" data-no-translation=\"\" data-trp-gettext=\"\" data-no-translation-title=\"\">+ Google Maps<\/a><\/span><\/span><\/div><\/div><\/div><!-- right-wrapper close --><\/div><!-- event-loop-end --><div id=\"event-9294\" class=\"ect-list-post style-1 ect-simple-event future\"><div class=\"ect-list-post-left\">\n\t\t\t\t<div class=\"ect-list-img\" style=\"background-image:url(&#039;https:\/\/nijar.org\/wp-content\/uploads\/2022\/11\/anna.png&#039;);background-size:cover;\"><a href=\"https:\/\/nijar.org\/it\/evento\/indagine-causale-ritiro-sciamanico-di-base-con-anna-montis-maggio-2026\/\" alt=\"Causal Investigation Basic Shamanic Retreat with Anna Montis &#8211; May 2026\" rel=\"bookmark\"><div class=\"ect-list-date\"><div class=\"ect-date-area default-schedule\"><span class=\"ev-day\">14<\/span>\n\t\t\t\t\t<span class=\"ev-mo\">Maggio<\/span>\n\t\t\t\t\t<span class=\"ev-yr\">2026<\/span><\/div><\/div><\/a><\/div><\/div><!-- left-post close --><div class=\"ect-list-post-right\">\n\t\t\t\t<div class=\"ect-list-post-right-table\"><div class=\"ect-list-description\"><h2 class=\"ect-list-title\"><a class=\"ect-event-url\" href=\"https:\/\/nijar.org\/it\/evento\/indagine-causale-ritiro-sciamanico-di-base-con-anna-montis-maggio-2026\/\" rel=\"bookmark\">Investiga\u00e7\u00e3o Causal Retiro Xam\u00e2nico B\u00e1sico com Anna Montis - maio 2026<\/a><\/h2><!-- Event Content --><div class=\"ect-event-content\"><p>Este retiro pode ser alargado com o Retiro Xam\u00e2nico Avan\u00e7ado. A Investiga\u00e7\u00e3o Causal \u00e9 uma oportunidade para alargar a sua vis\u00e3o para al\u00e9m da perce\u00e7\u00e3o quotidiana e para experimentar a cura que funciona...<\/p>\n<\/div><!-- Event Ticket Price Info -->\n                 <div class=\"ect-rate-area\">\n                 <span class=\"ect-icon\"><i class=\"ect-icon-ticket\"><\/i><\/span>\n                 <span class=\"ect-rate\">\u20ac655<\/span>\n                 <\/div><a href=\"https:\/\/nijar.org\/it\/evento\/indagine-causale-ritiro-sciamanico-di-base-con-anna-montis-maggio-2026\/\" class=\"ect-events-read-more\" rel=\"bookmark\" data-no-translation=\"\" data-trp-gettext=\"\">Per saperne di pi\u00f9<\/a><\/div><div class=\"ect-list-venue default-venue\"><span class=\"ect-icon\"><i class=\"ect-icon-location\"><\/i><\/span><!-- Event Venue Info -->\n\t\t\t\t\t\t\t<span class=\"ect-venue-details ect-address\">\n\t\t\t\t\t\t\t<div>O Jardim de N\u00e2m Living,<span class=\"tribe-address\">\n\n<span class=\"tribe-street-address\">Centro de Medita\u00e7\u00e3o N\u00edjar<\/span>\n\t\n\t\t<br>\n\t\t<span class=\"tribe-locality\">N\u00ecjar<\/span><span class=\"tribe-delimiter\">,<\/span>\n\n\t<abbr class=\"tribe-region tribe-events-abbr\" title=\"N\u00ecjar\" data-no-translation-title=\"\">N\u00ecjar<\/abbr>\n\n\t<span class=\"tribe-postal-code\">04100<\/span>\n\n\t<span class=\"tribe-country-name\">Espanha<\/span>\n\n<\/span>\n<\/div><span class=\"ect-google\"><a class=\"tribe-events-gmap\" href=\"https:\/\/maps.google.com\/maps?f=q&#038;source=s_q&#038;hl=en&#038;geocode=&#038;q=N%C3%ADjar+Meditation+Center+N%C3%ACjar+N%C3%ACjar+04100+Spain\" title=\"Fai clic per visualizzare una mappa Google Maps\" target=\"_blank\" rel=\"noreferrer noopener\" data-no-translation=\"\" data-trp-gettext=\"\" data-no-translation-title=\"\">+ Google Maps<\/a><\/span><\/span><\/div><\/div><\/div><!-- right-wrapper close --><\/div><!-- event-loop-end --><div id=\"event-9295\" class=\"ect-list-post style-1 ect-simple-event future\"><div class=\"ect-list-post-left\">\n\t\t\t\t<div class=\"ect-list-img\" style=\"background-image:url(&#039;https:\/\/nijar.org\/wp-content\/uploads\/2025\/01\/P1010568-comp-1024x682.jpg&#039;);background-size:cover;\"><a href=\"https:\/\/nijar.org\/it\/evento\/indagine-causale-ritiro-sciamanico-avanzato-con-anna-montis-maggio-2025-2\/\" alt=\"Causal Investigation Advanced Shamanic Retreat with Anna Montis &#8211; May 2026\" rel=\"bookmark\"><div class=\"ect-list-date\"><div class=\"ect-date-area default-schedule\"><span class=\"ev-day\">21<\/span>\n\t\t\t\t\t<span class=\"ev-mo\">Maggio<\/span>\n\t\t\t\t\t<span class=\"ev-yr\">2026<\/span><\/div><\/div><\/a><\/div><\/div><!-- left-post close --><div class=\"ect-list-post-right\">\n\t\t\t\t<div class=\"ect-list-post-right-table\"><div class=\"ect-list-description\"><h2 class=\"ect-list-title\"><a class=\"ect-event-url\" href=\"https:\/\/nijar.org\/it\/evento\/indagine-causale-ritiro-sciamanico-avanzato-con-anna-montis-maggio-2025-2\/\" rel=\"bookmark\">Investiga\u00e7\u00e3o Causal Retiro Xam\u00e2nico Avan\u00e7ado com Anna Montis - maio 2026<\/a><\/h2><!-- Event Content --><div class=\"ect-event-content\"><p>Este \u00e9 um retiro xam\u00e2nico para aprendizagem avan\u00e7ada e est\u00e1 dispon\u00edvel para pessoas que participaram no retiro b\u00e1sico. Para aqueles que j\u00e1 participaram do workshop b\u00e1sico, h\u00e1 a possibilidade de...<\/p>\n<\/div><!-- Event Ticket Price Info -->\n                 <div class=\"ect-rate-area\">\n                 <span class=\"ect-icon\"><i class=\"ect-icon-ticket\"><\/i><\/span>\n                 <span class=\"ect-rate\">\u20ac655<\/span>\n                 <\/div><a href=\"https:\/\/nijar.org\/it\/evento\/indagine-causale-ritiro-sciamanico-avanzato-con-anna-montis-maggio-2025-2\/\" class=\"ect-events-read-more\" rel=\"bookmark\" data-no-translation=\"\" data-trp-gettext=\"\">Per saperne di pi\u00f9<\/a><\/div><div class=\"ect-list-venue default-venue\"><span class=\"ect-icon\"><i class=\"ect-icon-location\"><\/i><\/span><!-- Event Venue Info -->\n\t\t\t\t\t\t\t<span class=\"ect-venue-details ect-address\">\n\t\t\t\t\t\t\t<div>O Jardim de N\u00e2m Living,<span class=\"tribe-address\">\n\n<span class=\"tribe-street-address\">Centro de Medita\u00e7\u00e3o N\u00edjar<\/span>\n\t\n\t\t<br>\n\t\t<span class=\"tribe-locality\">N\u00ecjar<\/span><span class=\"tribe-delimiter\">,<\/span>\n\n\t<abbr class=\"tribe-region tribe-events-abbr\" title=\"N\u00ecjar\" data-no-translation-title=\"\">N\u00ecjar<\/abbr>\n\n\t<span class=\"tribe-postal-code\">04100<\/span>\n\n\t<span class=\"tribe-country-name\">Espanha<\/span>\n\n<\/span>\n<\/div><span class=\"ect-google\"><a class=\"tribe-events-gmap\" href=\"https:\/\/maps.google.com\/maps?f=q&#038;source=s_q&#038;hl=en&#038;geocode=&#038;q=N%C3%ADjar+Meditation+Center+N%C3%ACjar+N%C3%ACjar+04100+Spain\" title=\"Fai clic per visualizzare una mappa Google Maps\" target=\"_blank\" rel=\"noreferrer noopener\" data-no-translation=\"\" data-trp-gettext=\"\" data-no-translation-title=\"\">+ Google Maps<\/a><\/span><\/span><\/div><\/div><\/div><!-- right-wrapper close --><\/div><!-- event-loop-end --><div id=\"event-10566\" class=\"ect-list-post style-1 ect-simple-event future\"><div class=\"ect-list-post-left\">\n\t\t\t\t<div class=\"ect-list-img\" style=\"background-image:url(&#039;https:\/\/nijar.org\/wp-content\/uploads\/2025\/11\/ullrich-wellness-massage-1024x683.jpeg&#039;);background-size:cover;\"><a href=\"https:\/\/nijar.org\/it\/evento\/3-giorni-di-esperienza-di-benessere-maggio-2026\/\" alt=\"3 Days Wellness Experience May 2026\" rel=\"bookmark\"><div class=\"ect-list-date\"><div class=\"ect-date-area default-schedule\"><span class=\"ev-day\">29<\/span>\n\t\t\t\t\t<span class=\"ev-mo\">Maggio<\/span>\n\t\t\t\t\t<span class=\"ev-yr\">2026<\/span><\/div><\/div><\/a><\/div><\/div><!-- left-post close --><div class=\"ect-list-post-right\">\n\t\t\t\t<div class=\"ect-list-post-right-table\"><div class=\"ect-list-description\"><h2 class=\"ect-list-title\"><a class=\"ect-event-url\" href=\"https:\/\/nijar.org\/it\/evento\/3-giorni-di-esperienza-di-benessere-maggio-2026\/\" rel=\"bookmark\">Experi\u00eancia de bem-estar de 3 dias maio de 2026<\/a><\/h2><!-- Event Content --><div class=\"ect-event-content\"><p>\u00a0 Features \u00a0 Arrival day: Check in at 15 h, introduction 16:30, meditation 18 h, supper 19.00Program: 3 days with a possibility to extend to a 5 day IntensiveDeparture day:&#8230;<\/p>\n<\/div><!-- Event Ticket Price Info -->\n                 <div class=\"ect-rate-area\">\n                 <span class=\"ect-icon\"><i class=\"ect-icon-ticket\"><\/i><\/span>\n                 <span class=\"ect-rate\">\u20ac246<\/span>\n                 <\/div><a href=\"https:\/\/nijar.org\/it\/evento\/3-giorni-di-esperienza-di-benessere-maggio-2026\/\" class=\"ect-events-read-more\" rel=\"bookmark\" data-no-translation=\"\" data-trp-gettext=\"\">Per saperne di pi\u00f9<\/a><\/div><div class=\"ect-list-venue default-venue\"><span class=\"ect-icon\"><i class=\"ect-icon-location\"><\/i><\/span><!-- Event Venue Info -->\n\t\t\t\t\t\t\t<span class=\"ect-venue-details ect-address\">\n\t\t\t\t\t\t\t<div>O Jardim de N\u00e2m Living,<span class=\"tribe-address\">\n\n<span class=\"tribe-street-address\">Centro de Medita\u00e7\u00e3o N\u00edjar<\/span>\n\t\n\t\t<br>\n\t\t<span class=\"tribe-locality\">N\u00ecjar<\/span><span class=\"tribe-delimiter\">,<\/span>\n\n\t<abbr class=\"tribe-region tribe-events-abbr\" title=\"N\u00ecjar\" data-no-translation-title=\"\">N\u00ecjar<\/abbr>\n\n\t<span class=\"tribe-postal-code\">04100<\/span>\n\n\t<span class=\"tribe-country-name\">Espanha<\/span>\n\n<\/span>\n<\/div><span class=\"ect-google\"><a class=\"tribe-events-gmap\" href=\"https:\/\/maps.google.com\/maps?f=q&#038;source=s_q&#038;hl=en&#038;geocode=&#038;q=N%C3%ADjar+Meditation+Center+N%C3%ACjar+N%C3%ACjar+04100+Spain\" title=\"Fai clic per visualizzare una mappa Google Maps\" target=\"_blank\" rel=\"noreferrer noopener\" data-no-translation=\"\" data-trp-gettext=\"\" data-no-translation-title=\"\">+ Google Maps<\/a><\/span><\/span><\/div><\/div><\/div><!-- right-wrapper close --><\/div><!-- event-loop-end --><div id=\"event-11178\" class=\"ect-list-post style-1 ect-simple-event future\"><div class=\"ect-list-post-left\">\n\t\t\t\t<div class=\"ect-list-img\" style=\"background-image:url(&#039;https:\/\/nijar.org\/wp-content\/uploads\/2026\/04\/b2518a_1a1529f67a4f4191b7d8d410d4028c15mv2.avif&#039;);background-size:cover;\"><a href=\"https:\/\/nijar.org\/it\/evento\/peace-festival-almeria-spain-5-7-june-2026\/\" alt=\"PeaceFestival Almeria, June 2026\" rel=\"bookmark\"><div class=\"ect-list-date\"><div class=\"ect-date-area default-schedule\"><span class=\"ev-day\">05<\/span>\n\t\t\t\t\t<span class=\"ev-mo\">agosto<\/span>\n\t\t\t\t\t<span class=\"ev-yr\">2026<\/span><\/div><\/div><\/a><\/div><\/div><!-- left-post close --><div class=\"ect-list-post-right\">\n\t\t\t\t<div class=\"ect-list-post-right-table\"><div class=\"ect-list-description\"><h2 class=\"ect-list-title\"><a class=\"ect-event-url\" href=\"https:\/\/nijar.org\/it\/evento\/peace-festival-almeria-spain-5-7-june-2026\/\" rel=\"bookmark\">PeaceFestival Almeria, June 2026<\/a><\/h2><!-- Event Content --><div class=\"ect-event-content\"><p>In a time when humanity is searching for deeper peace, harmony, and authentic connection, The Garden of N\u00e2m offers a space to remember our shared essence beyond religion, beyond ideology,&#8230;<\/p>\n<\/div><!-- Event Ticket Price Info -->\n                 <div class=\"ect-rate-area\">\n                 <span class=\"ect-icon\"><i class=\"ect-icon-ticket\"><\/i><\/span>\n                 <span class=\"ect-rate\">\u20ac380<\/span>\n                 <\/div><a href=\"https:\/\/nijar.org\/it\/evento\/peace-festival-almeria-spain-5-7-june-2026\/\" class=\"ect-events-read-more\" rel=\"bookmark\" data-no-translation=\"\" data-trp-gettext=\"\">Per saperne di pi\u00f9<\/a><\/div><div class=\"ect-list-venue default-venue\"><span class=\"ect-icon\"><i class=\"ect-icon-location\"><\/i><\/span><!-- Event Venue Info -->\n\t\t\t\t\t\t\t<span class=\"ect-venue-details ect-address\">\n\t\t\t\t\t\t\t<div>O Jardim de N\u00e2m Living,<span class=\"tribe-address\">\n\n<span class=\"tribe-street-address\">Centro de Medita\u00e7\u00e3o N\u00edjar<\/span>\n\t\n\t\t<br>\n\t\t<span class=\"tribe-locality\">N\u00ecjar<\/span><span class=\"tribe-delimiter\">,<\/span>\n\n\t<abbr class=\"tribe-region tribe-events-abbr\" title=\"N\u00ecjar\" data-no-translation-title=\"\">N\u00ecjar<\/abbr>\n\n\t<span class=\"tribe-postal-code\">04100<\/span>\n\n\t<span class=\"tribe-country-name\">Espanha<\/span>\n\n<\/span>\n<\/div><span class=\"ect-google\"><a class=\"tribe-events-gmap\" href=\"https:\/\/maps.google.com\/maps?f=q&#038;source=s_q&#038;hl=en&#038;geocode=&#038;q=N%C3%ADjar+Meditation+Center+N%C3%ACjar+N%C3%ACjar+04100+Spain\" title=\"Fai clic per visualizzare una mappa Google Maps\" target=\"_blank\" rel=\"noreferrer noopener\" data-no-translation=\"\" data-trp-gettext=\"\" data-no-translation-title=\"\">+ Google Maps<\/a><\/span><\/span><\/div><\/div><\/div><!-- right-wrapper close --><\/div><!-- event-loop-end --><div id=\"event-10867\" class=\"ect-list-post style-1 ect-simple-event future\"><div class=\"ect-list-post-left\">\n\t\t\t\t<div class=\"ect-list-img\" style=\"background-image:url(&#039;https:\/\/nijar.org\/wp-content\/uploads\/2026\/02\/DSC05208-1024x576.webp&#039;);background-size:cover;\"><a href=\"https:\/\/nijar.org\/it\/evento\/vita-significativa-5-giorni-intensivi-giugno-2026\/\" alt=\"Meaningful Living 5-day Intensive June 2026\" rel=\"bookmark\"><div class=\"ect-list-date\"><div class=\"ect-date-area default-schedule\"><span class=\"ev-day\">10<\/span>\n\t\t\t\t\t<span class=\"ev-mo\">agosto<\/span>\n\t\t\t\t\t<span class=\"ev-yr\">2026<\/span><\/div><\/div><\/a><\/div><\/div><!-- left-post close --><div class=\"ect-list-post-right\">\n\t\t\t\t<div class=\"ect-list-post-right-table\"><div class=\"ect-list-description\"><h2 class=\"ect-list-title\"><a class=\"ect-event-url\" href=\"https:\/\/nijar.org\/it\/evento\/vita-significativa-5-giorni-intensivi-giugno-2026\/\" rel=\"bookmark\">Vida Significativa Intensivo de 5 dias junho de 2026<\/a><\/h2><!-- Event Content --><div class=\"ect-event-content\"><p>\u00a0 Bem-vindo ao Meaningful Living Junte-se a n\u00f3s para uma viagem transformadora de auto-descoberta num ambiente sereno e pac\u00edfico.  O retiro Meaningful Living foi concebido para o ajudar a cultivar uma...<\/p>\n<\/div><!-- Event Ticket Price Info -->\n                 <div class=\"ect-rate-area\">\n                 <span class=\"ect-icon\"><i class=\"ect-icon-ticket\"><\/i><\/span>\n                 <span class=\"ect-rate\">\u20ac417<\/span>\n                 <\/div><a href=\"https:\/\/nijar.org\/it\/evento\/vita-significativa-5-giorni-intensivi-giugno-2026\/\" class=\"ect-events-read-more\" rel=\"bookmark\" data-no-translation=\"\" data-trp-gettext=\"\">Per saperne di pi\u00f9<\/a><\/div><div class=\"ect-list-venue default-venue\"><span class=\"ect-icon\"><i class=\"ect-icon-location\"><\/i><\/span><!-- Event Venue Info -->\n\t\t\t\t\t\t\t<span class=\"ect-venue-details ect-address\">\n\t\t\t\t\t\t\t<div>O Jardim de N\u00e2m Living,<span class=\"tribe-address\">\n\n<span class=\"tribe-street-address\">Centro de Medita\u00e7\u00e3o N\u00edjar<\/span>\n\t\n\t\t<br>\n\t\t<span class=\"tribe-locality\">N\u00ecjar<\/span><span class=\"tribe-delimiter\">,<\/span>\n\n\t<abbr class=\"tribe-region tribe-events-abbr\" title=\"N\u00ecjar\" data-no-translation-title=\"\">N\u00ecjar<\/abbr>\n\n\t<span class=\"tribe-postal-code\">04100<\/span>\n\n\t<span class=\"tribe-country-name\">Espanha<\/span>\n\n<\/span>\n<\/div><span class=\"ect-google\"><a class=\"tribe-events-gmap\" href=\"https:\/\/maps.google.com\/maps?f=q&#038;source=s_q&#038;hl=en&#038;geocode=&#038;q=N%C3%ADjar+Meditation+Center+N%C3%ACjar+N%C3%ACjar+04100+Spain\" title=\"Fai clic per visualizzare una mappa Google Maps\" target=\"_blank\" rel=\"noreferrer noopener\" data-no-translation=\"\" data-trp-gettext=\"\" data-no-translation-title=\"\">+ Google Maps<\/a><\/span><\/span><\/div><\/div><\/div><!-- right-wrapper close --><\/div><!-- event-loop-end --><div id=\"event-10569\" class=\"ect-list-post style-1 ect-simple-event future\"><div class=\"ect-list-post-left\">\n\t\t\t\t<div class=\"ect-list-img\" style=\"background-image:url(&#039;https:\/\/nijar.org\/wp-content\/uploads\/2025\/11\/ullrich-wellness-massage-1024x683.jpeg&#039;);background-size:cover;\"><a href=\"https:\/\/nijar.org\/it\/evento\/esperienza-benessere-di-3-giorni-giugno-2026\/\" alt=\"3 Days Wellness Experience June 2026\" rel=\"bookmark\"><div class=\"ect-list-date\"><div class=\"ect-date-area default-schedule\"><span class=\"ev-day\">16<\/span>\n\t\t\t\t\t<span class=\"ev-mo\">agosto<\/span>\n\t\t\t\t\t<span class=\"ev-yr\">2026<\/span><\/div><\/div><\/a><\/div><\/div><!-- left-post close --><div class=\"ect-list-post-right\">\n\t\t\t\t<div class=\"ect-list-post-right-table\"><div class=\"ect-list-description\"><h2 class=\"ect-list-title\"><a class=\"ect-event-url\" href=\"https:\/\/nijar.org\/it\/evento\/esperienza-benessere-di-3-giorni-giugno-2026\/\" rel=\"bookmark\">Experi\u00eancia de bem-estar de 3 dias junho de 2026<\/a><\/h2><!-- Event Content --><div class=\"ect-event-content\"><p>\u00a0 Carater\u00edsticas Dia de chegada: Check-in \u00e0s 15 h, introdu\u00e7\u00e3o 16:30, medita\u00e7\u00e3o 18 h, jantar 19.00 Programa: 3 dias com possibilidade de prolongamento para 5 dias intensivos...<\/p>\n<\/div><!-- Event Ticket Price Info -->\n                 <div class=\"ect-rate-area\">\n                 <span class=\"ect-icon\"><i class=\"ect-icon-ticket\"><\/i><\/span>\n                 <span class=\"ect-rate\">\u20ac246<\/span>\n                 <\/div><a href=\"https:\/\/nijar.org\/it\/evento\/esperienza-benessere-di-3-giorni-giugno-2026\/\" class=\"ect-events-read-more\" rel=\"bookmark\" data-no-translation=\"\" data-trp-gettext=\"\">Per saperne di pi\u00f9<\/a><\/div><div class=\"ect-list-venue default-venue\"><span class=\"ect-icon\"><i class=\"ect-icon-location\"><\/i><\/span><!-- Event Venue Info -->\n\t\t\t\t\t\t\t<span class=\"ect-venue-details ect-address\">\n\t\t\t\t\t\t\t<div>O Jardim de N\u00e2m Living,<span class=\"tribe-address\">\n\n<span class=\"tribe-street-address\">Centro de Medita\u00e7\u00e3o N\u00edjar<\/span>\n\t\n\t\t<br>\n\t\t<span class=\"tribe-locality\">N\u00ecjar<\/span><span class=\"tribe-delimiter\">,<\/span>\n\n\t<abbr class=\"tribe-region tribe-events-abbr\" title=\"N\u00ecjar\" data-no-translation-title=\"\">N\u00ecjar<\/abbr>\n\n\t<span class=\"tribe-postal-code\">04100<\/span>\n\n\t<span class=\"tribe-country-name\">Espanha<\/span>\n\n<\/span>\n<\/div><span class=\"ect-google\"><a class=\"tribe-events-gmap\" href=\"https:\/\/maps.google.com\/maps?f=q&#038;source=s_q&#038;hl=en&#038;geocode=&#038;q=N%C3%ADjar+Meditation+Center+N%C3%ACjar+N%C3%ACjar+04100+Spain\" title=\"Fai clic per visualizzare una mappa Google Maps\" target=\"_blank\" rel=\"noreferrer noopener\" data-no-translation=\"\" data-trp-gettext=\"\" data-no-translation-title=\"\">+ Google Maps<\/a><\/span><\/span><\/div><\/div><\/div><!-- right-wrapper close --><\/div><!-- event-loop-end --><div id=\"event-9769\" class=\"ect-list-post style-1 ect-simple-event future\"><div class=\"ect-list-post-left\">\n\t\t\t\t<div class=\"ect-list-img\" style=\"background-image:url(&#039;https:\/\/nijar.org\/wp-content\/uploads\/2023\/01\/IMG_0302-cut-844x1024.jpg&#039;);background-size:cover;\"><a href=\"https:\/\/nijar.org\/it\/evento\/3-giorni-di-esperienza-yoga-5-giugno-2026\/\" alt=\"3 Days Yoga Experience June 26th 2026\" rel=\"bookmark\"><div class=\"ect-list-date\"><div class=\"ect-date-area default-schedule\"><span class=\"ev-day\">26<\/span>\n\t\t\t\t\t<span class=\"ev-mo\">agosto<\/span>\n\t\t\t\t\t<span class=\"ev-yr\">2026<\/span><\/div><\/div><\/a><\/div><\/div><!-- left-post close --><div class=\"ect-list-post-right\">\n\t\t\t\t<div class=\"ect-list-post-right-table\"><div class=\"ect-list-description\"><h2 class=\"ect-list-title\"><a class=\"ect-event-url\" href=\"https:\/\/nijar.org\/it\/evento\/3-giorni-di-esperienza-yoga-5-giugno-2026\/\" rel=\"bookmark\">Experi\u00eancia de Yoga de 3 dias 26 de junho de 2026<\/a><\/h2><!-- Event Content --><div class=\"ect-event-content\"><p>\u00a0 Features &nbsp; Arrival day: Check in at 15 h, introduction 16:30, meditation 18 h, supper 19.00 Program: 3 days with a possibility to extend to a 5 day Yoga&#8230;<\/p>\n<\/div><!-- Event Ticket Price Info -->\n                 <div class=\"ect-rate-area\">\n                 <span class=\"ect-icon\"><i class=\"ect-icon-ticket\"><\/i><\/span>\n                 <span class=\"ect-rate\">\u20ac196<\/span>\n                 <\/div><a href=\"https:\/\/nijar.org\/it\/evento\/3-giorni-di-esperienza-yoga-5-giugno-2026\/\" class=\"ect-events-read-more\" rel=\"bookmark\" data-no-translation=\"\" data-trp-gettext=\"\">Per saperne di pi\u00f9<\/a><\/div><div class=\"ect-list-venue default-venue\"><span class=\"ect-icon\"><i class=\"ect-icon-location\"><\/i><\/span><!-- Event Venue Info -->\n\t\t\t\t\t\t\t<span class=\"ect-venue-details ect-address\">\n\t\t\t\t\t\t\t<div>O Jardim de N\u00e2m Living,<span class=\"tribe-address\">\n\n<span class=\"tribe-street-address\">Centro de Medita\u00e7\u00e3o N\u00edjar<\/span>\n\t\n\t\t<br>\n\t\t<span class=\"tribe-locality\">N\u00ecjar<\/span><span class=\"tribe-delimiter\">,<\/span>\n\n\t<abbr class=\"tribe-region tribe-events-abbr\" title=\"N\u00ecjar\" data-no-translation-title=\"\">N\u00ecjar<\/abbr>\n\n\t<span class=\"tribe-postal-code\">04100<\/span>\n\n\t<span class=\"tribe-country-name\">Espanha<\/span>\n\n<\/span>\n<\/div><span class=\"ect-google\"><a class=\"tribe-events-gmap\" href=\"https:\/\/maps.google.com\/maps?f=q&#038;source=s_q&#038;hl=en&#038;geocode=&#038;q=N%C3%ADjar+Meditation+Center+N%C3%ACjar+N%C3%ACjar+04100+Spain\" title=\"Fai clic per visualizzare una mappa Google Maps\" target=\"_blank\" rel=\"noreferrer noopener\" data-no-translation=\"\" data-trp-gettext=\"\" data-no-translation-title=\"\">+ Google Maps<\/a><\/span><\/span><\/div><\/div><\/div><!-- right-wrapper close --><\/div><!-- event-loop-end --><\/div><\/div><\/p><\/div>\n\t\t\t\t<\/div>\n\t\t\t\t\t\t\t\t<\/div>\n\t\t\t\t\t\t<\/div>\n\t\t\t\t<\/div>\n\t\t\t\t<\/div>\n\t\t\t\t\t<\/div>\n\t\t\t\t<\/div>\n\t\t\t\t<\/div>","protected":false},"excerpt":{"rendered":"<p>Listagens de retiros Retiros N\u00e2m 16 agosto 2024 F\u00e9rias tranquilas (Re)Tratar agosto 2024 \u20ac435 Saber mais O Jardim da Vida N\u00e2m, Centro de Medita\u00e7\u00e3o N\u00edjar N\u00ecjar, N\u00ecjar 04100 Espanha + Google...<\/p>","protected":false},"author":8,"featured_media":0,"parent":0,"menu_order":0,"comment_status":"closed","ping_status":"closed","template":"","meta":{"_kad_post_transparent":"","_kad_post_title":"hide","_kad_post_layout":"fullwidth","_kad_post_sidebar_id":"","_kad_post_content_style":"unboxed","_kad_post_vertical_padding":"hide","_kad_post_feature":"hide","_kad_post_feature_position":"","_kad_post_header":false,"_kad_post_footer":false,"_kad_post_classname":"","footnotes":""},"class_list":["post-5177","page","type-page","status-publish","hentry"],"aioseo_notices":[],"_links":{"self":[{"href":"https:\/\/nijar.org\/pt\/wp-json\/wp\/v2\/pages\/5177","targetHints":{"allow":["GET"]}}],"collection":[{"href":"https:\/\/nijar.org\/pt\/wp-json\/wp\/v2\/pages"}],"about":[{"href":"https:\/\/nijar.org\/pt\/wp-json\/wp\/v2\/types\/page"}],"author":[{"embeddable":true,"href":"https:\/\/nijar.org\/pt\/wp-json\/wp\/v2\/users\/8"}],"replies":[{"embeddable":true,"href":"https:\/\/nijar.org\/pt\/wp-json\/wp\/v2\/comments?post=5177"}],"version-history":[{"count":0,"href":"https:\/\/nijar.org\/pt\/wp-json\/wp\/v2\/pages\/5177\/revisions"}],"wp:attachment":[{"href":"https:\/\/nijar.org\/pt\/wp-json\/wp\/v2\/media?parent=5177"}],"curies":[{"name":"wp","href":"https:\/\/api.w.org\/{rel}","templated":true}]}}