{"id":8159,"date":"2024-09-05T13:42:54","date_gmt":"2024-09-05T11:42:54","guid":{"rendered":"https:\/\/nijar.org\/?post_type=tribe_events&#038;p=8159"},"modified":"2024-09-05T16:37:57","modified_gmt":"2024-09-05T14:37:57","slug":"qi-gong-retreat-september-2024","status":"publish","type":"tribe_events","link":"https:\/\/nijar.org\/de\/veranstaltung\/qi-gong-retreat-september-2024","title":{"rendered":"Qi Gong-Klausur September 2024"},"content":{"rendered":"<p><strong>Innere Ruhe und Energie in S\u00fcdspanien entdecken<\/strong><br \/>\nVom 25. bis 30. September veranstalten zwei erfahrene Qigong-Lehrer, Angelique Jacobs-Roos und Bram Griffioen, ein einzigartiges Retreat im sch\u00f6nen S\u00fcden Spaniens. Wir werden im Garten von N\u00e2m, einer Oase in Andalusien, zu Gast sein, wo wir Sie auf eine Reise der inneren Erkundung und der erneuerten Energie f\u00fchren werden.<\/p>\n<p><strong>Auf den Winter vorbereiten<\/strong><br \/>\nZu Beginn des Herbstes ist es wichtig, K\u00f6rper und Geist auf die kommenden Wintermonate vorzubereiten. Warum sollte man sich in den dunkleren Monaten nicht genauso wohl f\u00fchlen wie im warmen Sommer? Qigong bietet die perfekte Methode, um diesen \u00dcbergang sanft und kraftvoll zu gestalten. Unser Ziel ist es, Ihnen zu helfen, den Sommer mit neuer Energie, Einsicht und Gelassenheit zu beenden, bereit f\u00fcr Herbst und Winter. Und wo ginge das besser als im sonnigen S\u00fcdspanien, wo wir noch die letzten Reste der Sommerpracht genie\u00dfen k\u00f6nnen?<\/p>\n<p><strong>Was ist zu erwarten?<\/strong><br \/>\nW\u00e4hrend dieses Qigong-Retreats werden wir uns auf die Yin- und Yang-Organe konzentrieren, jedes mit seinen eigenen Meridianen, Bewegungen, Kl\u00e4ngen und Farben. Du wirst auch die Qigong-Form Ba Duan Jin lernen, die alles miteinander verbindet. Die Qigong-Lektionen sind harmonisch in den t\u00e4glichen Rhythmus von (vegetarischen) Mahlzeiten und Meditationen im Garten von N\u00e2m integriert. Die Teilnahme an den Meditationen ist optional und zusammen mit den k\u00f6stlichen Mahlzeiten im Preis inbegriffen.<\/p>\n<p><strong>Praktische Informationen<\/strong><br \/>\nDer Preis des Retreats h\u00e4ngt von der Art des Zimmers ab und beinhaltet vegetarische Mahlzeiten und Qigong-Workshops (f\u00fcr 5 Tage, 350-600 \u20ac pro Person). Der Flug ist nicht inbegriffen. Es gibt einen Direktflug am 25. September von Rotterdam (Transavia) nach Almeria (Spanien) und zur\u00fcck am 30. September.<\/p>\n<p><strong>Jetzt anmelden!<\/strong><br \/>\nM\u00f6chten Sie an dieser transformativen Erfahrung teilnehmen und das Jahr mit innerem Frieden und St\u00e4rke beenden? Melden Sie sich jetzt f\u00fcr unser Qigong-Retreat an. Verpassen Sie nicht diese Gelegenheit und genie\u00dfen Sie eine unvergessliche Woche des Wachstums und der Verbindung.<br \/>\nKontaktieren Sie uns f\u00fcr weitere Informationen und zur Anmeldung. Wir freuen uns darauf, Sie im sonnigen S\u00fcden Spaniens begr\u00fc\u00dfen zu d\u00fcrfen!<\/p>","protected":false},"excerpt":{"rendered":"<p>Innere Ruhe und Energie in S\u00fcdspanien entdecken Vom 25. bis 30. September veranstalten zwei erfahrene Qigong-Lehrer, Angelique Jacobs-Roos und Bram Griffioen, ein einzigartiges Retreat im...<\/p>","protected":false},"author":8,"featured_media":7535,"template":"","meta":{"_kad_post_transparent":"","_kad_post_title":"","_kad_post_layout":"","_kad_post_sidebar_id":"","_kad_post_content_style":"","_kad_post_vertical_padding":"","_kad_post_feature":"","_kad_post_feature_position":"","_kad_post_header":false,"_kad_post_footer":false,"_kad_post_classname":"","_tribe_events_status":"","_tribe_events_status_reason":"","footnotes":""},"tags":[60],"tribe_events_cat":[87,56],"class_list":["post-8159","tribe_events","type-tribe_events","status-publish","has-post-thumbnail","hentry","tag-qi-gong","tribe_events_cat-qi-gong","tribe_events_cat-retreats","cat_qi-gong","cat_retreats"],"aioseo_notices":[],"_links":{"self":[{"href":"https:\/\/nijar.org\/de\/wp-json\/wp\/v2\/tribe_events\/8159","targetHints":{"allow":["GET"]}}],"collection":[{"href":"https:\/\/nijar.org\/de\/wp-json\/wp\/v2\/tribe_events"}],"about":[{"href":"https:\/\/nijar.org\/de\/wp-json\/wp\/v2\/types\/tribe_events"}],"author":[{"embeddable":true,"href":"https:\/\/nijar.org\/de\/wp-json\/wp\/v2\/users\/8"}],"version-history":[{"count":0,"href":"https:\/\/nijar.org\/de\/wp-json\/wp\/v2\/tribe_events\/8159\/revisions"}],"wp:featuredmedia":[{"embeddable":true,"href":"https:\/\/nijar.org\/de\/wp-json\/wp\/v2\/media\/7535"}],"wp:attachment":[{"href":"https:\/\/nijar.org\/de\/wp-json\/wp\/v2\/media?parent=8159"}],"wp:term":[{"taxonomy":"post_tag","embeddable":true,"href":"https:\/\/nijar.org\/de\/wp-json\/wp\/v2\/tags?post=8159"},{"taxonomy":"tribe_events_cat","embeddable":true,"href":"https:\/\/nijar.org\/de\/wp-json\/wp\/v2\/tribe_events_cat?post=8159"}],"curies":[{"name":"wp","href":"https:\/\/api.w.org\/{rel}","templated":true}]}}