{"id":5177,"date":"2024-01-25T09:34:36","date_gmt":"2024-01-25T08:34:36","guid":{"rendered":"https:\/\/nijar.org\/?page_id=5177"},"modified":"2024-08-17T15:43:34","modified_gmt":"2024-08-17T13:43:34","slug":"alle-exerzitien","status":"publish","type":"page","link":"https:\/\/nijar.org\/de\/alle-exerzitien","title":{"rendered":"Vollst\u00e4ndige R\u00fcckzugslisten"},"content":{"rendered":"<div data-elementor-type=\"wp-page\" data-elementor-id=\"5177\" class=\"elementor elementor-5177\" data-elementor-post-type=\"page\">\n\t\t\t\t<div class=\"elementor-element elementor-element-406f04c e-flex e-con-boxed e-con e-parent\" data-id=\"406f04c\" data-element_type=\"container\" data-e-type=\"container\">\n\t\t\t\t\t<div class=\"e-con-inner\">\n\t\t<div class=\"elementor-element elementor-element-1f3876c e-con-full e-flex e-con e-child\" data-id=\"1f3876c\" data-element_type=\"container\" data-e-type=\"container\">\n\t\t\t\t<div class=\"elementor-element elementor-element-64ed307 elementor-widget elementor-widget-heading\" data-id=\"64ed307\" data-element_type=\"widget\" data-e-type=\"widget\" data-widget_type=\"heading.default\">\n\t\t\t\t<div class=\"elementor-widget-container\">\n\t\t\t\t\t<h2 class=\"elementor-heading-title elementor-size-default\">R\u00fcckzugsgebiete Listings<\/h2>\t\t\t\t<\/div>\n\t\t\t\t<\/div>\n\t\t\t\t<div class=\"elementor-element elementor-element-a4edc9b elementor-widget elementor-widget-toggle\" data-id=\"a4edc9b\" data-element_type=\"widget\" data-e-type=\"widget\" data-widget_type=\"toggle.default\">\n\t\t\t\t<div class=\"elementor-widget-container\">\n\t\t\t\t\t\t\t<div class=\"elementor-toggle\">\n\t\t\t\t\t\t\t<div class=\"elementor-toggle-item\">\n\t\t\t\t\t<div id=\"elementor-tab-title-1721\" class=\"elementor-tab-title\" data-tab=\"1\" role=\"button\" aria-controls=\"elementor-tab-content-1721\" aria-expanded=\"false\">\n\t\t\t\t\t\t\t\t\t\t\t\t<span class=\"elementor-toggle-icon elementor-toggle-icon-left\" aria-hidden=\"true\">\n\t\t\t\t\t\t\t\t\t\t\t\t\t\t\t<span class=\"elementor-toggle-icon-closed\"><i class=\"fas fa-caret-right\"><\/i><\/span>\n\t\t\t\t\t\t\t\t<span class=\"elementor-toggle-icon-opened\"><i class=\"elementor-toggle-icon-opened fas fa-caret-up\"><\/i><\/span>\n\t\t\t\t\t\t\t\t\t\t\t\t\t<\/span>\n\t\t\t\t\t\t\t\t\t\t\t\t<a class=\"elementor-toggle-title\" tabindex=\"0\">N\u00e2m-Retreats<\/a>\n\t\t\t\t\t<\/div>\n\n\t\t\t\t\t<div id=\"elementor-tab-content-1721\" class=\"elementor-tab-content elementor-clearfix\" data-tab=\"1\" role=\"region\" aria-labelledby=\"elementor-tab-title-1721\"><p><!=========Events list Template 2.6.2=========><div id=\"ect-events-list-content\"><div id=\"list-wrp\" class=\"ect-list-wrapper nam\"><div id=\"event-9411\" class=\"ect-list-post style-1 ect-simple-event future\"><div class=\"ect-list-post-left\">\n\t\t\t\t<div class=\"ect-list-img\" style=\"background-image:url(&#039;https:\/\/nijar.org\/wp-content\/uploads\/2024\/02\/retreat-blur-759x1024.jpg&#039;);background-size:cover;\"><a href=\"https:\/\/nijar.org\/it\/evento\/ritiro-del-silenzio-con-yoginam-aprile-2026\/\" alt=\"N\u00e2m Silence Retreat with Yogin\u00e2m April 2026 (Fully Booked)\" rel=\"bookmark\"><div class=\"ect-list-date\"><div class=\"ect-date-area default-schedule\"><span class=\"ev-day\">26<\/span>\n\t\t\t\t\t<span class=\"ev-mo\">Aprile<\/span>\n\t\t\t\t\t<span class=\"ev-yr\">2026<\/span><\/div><\/div><\/a><\/div><\/div><!-- left-post close --><div class=\"ect-list-post-right\">\n\t\t\t\t<div class=\"ect-list-post-right-table\"><div class=\"ect-list-description\"><h2 class=\"ect-list-title\"><a class=\"ect-event-url\" href=\"https:\/\/nijar.org\/it\/evento\/ritiro-del-silenzio-con-yoginam-aprile-2026\/\" rel=\"bookmark\">N\u00e2m Silence Retreat with Yogin\u00e2m April 2026 (Fully Booked)<\/a><\/h2><!-- Event Content --><div class=\"ect-event-content\"><p>F\u00fcnf Tage v\u00f6lliger Stille mit einem t\u00e4glichen Programm regelm\u00e4\u00dfiger Meditationen, unterst\u00fctzt von M\u00f6nchen und Yogin\u00e2ms HarpMood. Was ist ein N\u00e2m-Schweige-Retreat? Bitte klicken Sie hier.<\/p>\n<\/div><!-- Event Ticket Price Info -->\n                 <div class=\"ect-rate-area\">\n                 <span class=\"ect-icon\"><i class=\"ect-icon-ticket\"><\/i><\/span>\n                 <span class=\"ect-rate\">\u20ac759<\/span>\n                 <\/div><a href=\"https:\/\/nijar.org\/it\/evento\/ritiro-del-silenzio-con-yoginam-aprile-2026\/\" class=\"ect-events-read-more\" rel=\"bookmark\" data-no-translation=\"\" data-trp-gettext=\"\">Per saperne di pi\u00f9<\/a><\/div><div class=\"ect-list-venue default-venue\"><span class=\"ect-icon\"><i class=\"ect-icon-location\"><\/i><\/span><!-- Event Venue Info -->\n\t\t\t\t\t\t\t<span class=\"ect-venue-details ect-address\">\n\t\t\t\t\t\t\t<div>Der Garten von N\u00e2m Living,<span class=\"tribe-address\">\n\n<span class=\"tribe-street-address\">N\u00edjar Meditationszentrum<\/span>\n\t\n\t\t<br>\n\t\t<span class=\"tribe-locality\">N\u00ecjar<\/span><span class=\"tribe-delimiter\">,<\/span>\n\n\t<abbr class=\"tribe-region tribe-events-abbr\" title=\"N\u00ecjar\" data-no-translation-title=\"\">N\u00ecjar<\/abbr>\n\n\t<span class=\"tribe-postal-code\">04100<\/span>\n\n\t<span class=\"tribe-country-name\">Spanien<\/span>\n\n<\/span>\n<\/div><span class=\"ect-google\"><a class=\"tribe-events-gmap\" href=\"https:\/\/maps.google.com\/maps?f=q&#038;source=s_q&#038;hl=en&#038;geocode=&#038;q=N%C3%ADjar+Meditation+Center+N%C3%ACjar+N%C3%ACjar+04100+Spain\" title=\"Fai clic per visualizzare una mappa Google Maps\" target=\"_blank\" rel=\"noreferrer noopener\" data-no-translation=\"\" data-trp-gettext=\"\" data-no-translation-title=\"\">+ Google Maps<\/a><\/span><\/span><\/div><\/div><\/div><!-- right-wrapper close --><\/div><!-- event-loop-end --><div id=\"event-10867\" class=\"ect-list-post style-1 ect-simple-event future\"><div class=\"ect-list-post-left\">\n\t\t\t\t<div class=\"ect-list-img\" style=\"background-image:url(&#039;https:\/\/nijar.org\/wp-content\/uploads\/2026\/02\/DSC05208-1024x576.webp&#039;);background-size:cover;\"><a href=\"https:\/\/nijar.org\/it\/evento\/vita-significativa-5-giorni-intensivi-giugno-2026\/\" alt=\"Meaningful Living 5-day Intensive June 2026\" rel=\"bookmark\"><div class=\"ect-list-date\"><div class=\"ect-date-area default-schedule\"><span class=\"ev-day\">10<\/span>\n\t\t\t\t\t<span class=\"ev-mo\">Giugno<\/span>\n\t\t\t\t\t<span class=\"ev-yr\">2026<\/span><\/div><\/div><\/a><\/div><\/div><!-- left-post close --><div class=\"ect-list-post-right\">\n\t\t\t\t<div class=\"ect-list-post-right-table\"><div class=\"ect-list-description\"><h2 class=\"ect-list-title\"><a class=\"ect-event-url\" href=\"https:\/\/nijar.org\/it\/evento\/vita-significativa-5-giorni-intensivi-giugno-2026\/\" rel=\"bookmark\">Sinnvolles Leben 5-Tage-Intensivkurs Juni 2026<\/a><\/h2><!-- Event Content --><div class=\"ect-event-content\"><p>\u00a0 Willkommen bei Meaningful Living Kommen Sie mit uns auf eine transformative Reise der Selbstentdeckung in einer ruhigen und friedlichen Umgebung.  Das Meaningful Living Retreat soll Ihnen helfen, eine tiefere...<\/p>\n<\/div><!-- Event Ticket Price Info -->\n                 <div class=\"ect-rate-area\">\n                 <span class=\"ect-icon\"><i class=\"ect-icon-ticket\"><\/i><\/span>\n                 <span class=\"ect-rate\">\u20ac417<\/span>\n                 <\/div><a href=\"https:\/\/nijar.org\/it\/evento\/vita-significativa-5-giorni-intensivi-giugno-2026\/\" class=\"ect-events-read-more\" rel=\"bookmark\" data-no-translation=\"\" data-trp-gettext=\"\">Per saperne di pi\u00f9<\/a><\/div><div class=\"ect-list-venue default-venue\"><span class=\"ect-icon\"><i class=\"ect-icon-location\"><\/i><\/span><!-- Event Venue Info -->\n\t\t\t\t\t\t\t<span class=\"ect-venue-details ect-address\">\n\t\t\t\t\t\t\t<div>Der Garten von N\u00e2m Living,<span class=\"tribe-address\">\n\n<span class=\"tribe-street-address\">N\u00edjar Meditationszentrum<\/span>\n\t\n\t\t<br>\n\t\t<span class=\"tribe-locality\">N\u00ecjar<\/span><span class=\"tribe-delimiter\">,<\/span>\n\n\t<abbr class=\"tribe-region tribe-events-abbr\" title=\"N\u00ecjar\" data-no-translation-title=\"\">N\u00ecjar<\/abbr>\n\n\t<span class=\"tribe-postal-code\">04100<\/span>\n\n\t<span class=\"tribe-country-name\">Spanien<\/span>\n\n<\/span>\n<\/div><span class=\"ect-google\"><a class=\"tribe-events-gmap\" href=\"https:\/\/maps.google.com\/maps?f=q&#038;source=s_q&#038;hl=en&#038;geocode=&#038;q=N%C3%ADjar+Meditation+Center+N%C3%ACjar+N%C3%ACjar+04100+Spain\" title=\"Fai clic per visualizzare una mappa Google Maps\" target=\"_blank\" rel=\"noreferrer noopener\" data-no-translation=\"\" data-trp-gettext=\"\" data-no-translation-title=\"\">+ Google Maps<\/a><\/span><\/span><\/div><\/div><\/div><!-- right-wrapper close --><\/div><!-- event-loop-end --><div id=\"event-10251\" class=\"ect-list-post style-1 ect-simple-event future\"><div class=\"ect-list-post-left\">\n\t\t\t\t<div class=\"ect-list-img\" style=\"background-image:url(&#039;https:\/\/nijar.org\/wp-content\/uploads\/2025\/11\/WhatsApp-Image-2022-10-04-at-151551-1024x576.jpeg&#039;);background-size:cover;\"><a href=\"https:\/\/nijar.org\/it\/evento\/lessenza-della-meditazione-luglio-2026\/\" alt=\"The Essence of Meditation July 2026\" rel=\"bookmark\"><div class=\"ect-list-date\"><div class=\"ect-date-area default-schedule\"><span class=\"ev-day\">02<\/span>\n\t\t\t\t\t<span class=\"ev-mo\">Luglio<\/span>\n\t\t\t\t\t<span class=\"ev-yr\">2026<\/span><\/div><\/div><\/a><\/div><\/div><!-- left-post close --><div class=\"ect-list-post-right\">\n\t\t\t\t<div class=\"ect-list-post-right-table\"><div class=\"ect-list-description\"><h2 class=\"ect-list-title\"><a class=\"ect-event-url\" href=\"https:\/\/nijar.org\/it\/evento\/lessenza-della-meditazione-luglio-2026\/\" rel=\"bookmark\">Die Essenz der Meditation Juli 2026<\/a><\/h2><!-- Event Content --><div class=\"ect-event-content\"><p>\u00a0 Besonderheiten Anreisetag: Check in um 15 Uhr, Intro 16:15, HarpMood 17.45 Uhr, Abendessen 19.00 Uhr Programm: Ankunftstag - Unterrichtstag - Tag der Stille - Abreisetag Abreise...<\/p>\n<\/div><!-- Event Ticket Price Info -->\n                 <div class=\"ect-rate-area\">\n                 <span class=\"ect-icon\"><i class=\"ect-icon-ticket\"><\/i><\/span>\n                 <span class=\"ect-rate\">\u20ac319<\/span>\n                 <\/div><a href=\"https:\/\/nijar.org\/it\/evento\/lessenza-della-meditazione-luglio-2026\/\" class=\"ect-events-read-more\" rel=\"bookmark\" data-no-translation=\"\" data-trp-gettext=\"\">Per saperne di pi\u00f9<\/a><\/div><div class=\"ect-list-venue default-venue\"><span class=\"ect-icon\"><i class=\"ect-icon-location\"><\/i><\/span><!-- Event Venue Info -->\n\t\t\t\t\t\t\t<span class=\"ect-venue-details ect-address\">\n\t\t\t\t\t\t\t<div>Der Garten von N\u00e2m Living,<span class=\"tribe-address\">\n\n<span class=\"tribe-street-address\">N\u00edjar Meditationszentrum<\/span>\n\t\n\t\t<br>\n\t\t<span class=\"tribe-locality\">N\u00ecjar<\/span><span class=\"tribe-delimiter\">,<\/span>\n\n\t<abbr class=\"tribe-region tribe-events-abbr\" title=\"N\u00ecjar\" data-no-translation-title=\"\">N\u00ecjar<\/abbr>\n\n\t<span class=\"tribe-postal-code\">04100<\/span>\n\n\t<span class=\"tribe-country-name\">Spanien<\/span>\n\n<\/span>\n<\/div><span class=\"ect-google\"><a class=\"tribe-events-gmap\" href=\"https:\/\/maps.google.com\/maps?f=q&#038;source=s_q&#038;hl=en&#038;geocode=&#038;q=N%C3%ADjar+Meditation+Center+N%C3%ACjar+N%C3%ACjar+04100+Spain\" title=\"Fai clic per visualizzare una mappa Google Maps\" target=\"_blank\" rel=\"noreferrer noopener\" data-no-translation=\"\" data-trp-gettext=\"\" data-no-translation-title=\"\">+ Google Maps<\/a><\/span><\/span><\/div><\/div><\/div><!-- right-wrapper close --><\/div><!-- event-loop-end --><div id=\"event-10879\" class=\"ect-list-post style-1 ect-simple-event future\"><div class=\"ect-list-post-left\">\n\t\t\t\t<div class=\"ect-list-img\" style=\"background-image:url(&#039;https:\/\/nijar.org\/wp-content\/uploads\/2026\/02\/DSC05208-1024x576.webp&#039;);background-size:cover;\"><a href=\"https:\/\/nijar.org\/it\/evento\/vita-significativa-5-giorni-intensivi-luglio-agosto-2026\/\" alt=\"Meaningful Living 5-day Intensive July-August 2026\" rel=\"bookmark\"><div class=\"ect-list-date\"><div class=\"ect-date-area default-schedule\"><span class=\"ev-day\">29<\/span>\n\t\t\t\t\t<span class=\"ev-mo\">Luglio<\/span>\n\t\t\t\t\t<span class=\"ev-yr\">2026<\/span><\/div><\/div><\/a><\/div><\/div><!-- left-post close --><div class=\"ect-list-post-right\">\n\t\t\t\t<div class=\"ect-list-post-right-table\"><div class=\"ect-list-description\"><h2 class=\"ect-list-title\"><a class=\"ect-event-url\" href=\"https:\/\/nijar.org\/it\/evento\/vita-significativa-5-giorni-intensivi-luglio-agosto-2026\/\" rel=\"bookmark\">Sinnvolles Leben 5-Tage-Intensivkurs Juli-August 2026<\/a><\/h2><!-- Event Content --><div class=\"ect-event-content\"><p>\u00a0 Willkommen bei Meaningful Living Kommen Sie mit uns auf eine transformative Reise der Selbstentdeckung in einer ruhigen und friedlichen Umgebung.  Das Meaningful Living Retreat soll Ihnen helfen, eine tiefere...<\/p>\n<\/div><!-- Event Ticket Price Info -->\n                 <div class=\"ect-rate-area\">\n                 <span class=\"ect-icon\"><i class=\"ect-icon-ticket\"><\/i><\/span>\n                 <span class=\"ect-rate\">\u20ac417<\/span>\n                 <\/div><a href=\"https:\/\/nijar.org\/it\/evento\/vita-significativa-5-giorni-intensivi-luglio-agosto-2026\/\" class=\"ect-events-read-more\" rel=\"bookmark\" data-no-translation=\"\" data-trp-gettext=\"\">Per saperne di pi\u00f9<\/a><\/div><div class=\"ect-list-venue default-venue\"><span class=\"ect-icon\"><i class=\"ect-icon-location\"><\/i><\/span><!-- Event Venue Info -->\n\t\t\t\t\t\t\t<span class=\"ect-venue-details ect-address\">\n\t\t\t\t\t\t\t<div>Der Garten von N\u00e2m Living,<span class=\"tribe-address\">\n\n<span class=\"tribe-street-address\">N\u00edjar Meditationszentrum<\/span>\n\t\n\t\t<br>\n\t\t<span class=\"tribe-locality\">N\u00ecjar<\/span><span class=\"tribe-delimiter\">,<\/span>\n\n\t<abbr class=\"tribe-region tribe-events-abbr\" title=\"N\u00ecjar\" data-no-translation-title=\"\">N\u00ecjar<\/abbr>\n\n\t<span class=\"tribe-postal-code\">04100<\/span>\n\n\t<span class=\"tribe-country-name\">Spanien<\/span>\n\n<\/span>\n<\/div><span class=\"ect-google\"><a class=\"tribe-events-gmap\" href=\"https:\/\/maps.google.com\/maps?f=q&#038;source=s_q&#038;hl=en&#038;geocode=&#038;q=N%C3%ADjar+Meditation+Center+N%C3%ACjar+N%C3%ACjar+04100+Spain\" title=\"Fai clic per visualizzare una mappa Google Maps\" target=\"_blank\" rel=\"noreferrer noopener\" data-no-translation=\"\" data-trp-gettext=\"\" data-no-translation-title=\"\">+ Google Maps<\/a><\/span><\/span><\/div><\/div><\/div><!-- right-wrapper close --><\/div><!-- event-loop-end --><div id=\"event-10253\" class=\"ect-list-post style-1 ect-simple-event future\"><div class=\"ect-list-post-left\">\n\t\t\t\t<div class=\"ect-list-img\" style=\"background-image:url(&#039;https:\/\/nijar.org\/wp-content\/uploads\/2025\/11\/WhatsApp-Image-2022-10-04-at-151551-1024x576.jpeg&#039;);background-size:cover;\"><a href=\"https:\/\/nijar.org\/it\/evento\/lessenza-della-meditazione-agosto-2026\/\" alt=\"The Essence of Meditation August 2026\" rel=\"bookmark\"><div class=\"ect-list-date\"><div class=\"ect-date-area default-schedule\"><span class=\"ev-day\">06<\/span>\n\t\t\t\t\t<span class=\"ev-mo\">Agosto<\/span>\n\t\t\t\t\t<span class=\"ev-yr\">2026<\/span><\/div><\/div><\/a><\/div><\/div><!-- left-post close --><div class=\"ect-list-post-right\">\n\t\t\t\t<div class=\"ect-list-post-right-table\"><div class=\"ect-list-description\"><h2 class=\"ect-list-title\"><a class=\"ect-event-url\" href=\"https:\/\/nijar.org\/it\/evento\/lessenza-della-meditazione-agosto-2026\/\" rel=\"bookmark\">Die Essenz der Meditation August 2026<\/a><\/h2><!-- Event Content --><div class=\"ect-event-content\"><p>\u00a0 Besonderheiten Anreisetag: Check in um 15 Uhr, Intro 16:15, HarpMood 17.45 Uhr, Abendessen 19.00 Uhr Programm: Ankunftstag - Unterrichtstag - Tag der Stille - Abreisetag Abreise...<\/p>\n<\/div><!-- Event Ticket Price Info -->\n                 <div class=\"ect-rate-area\">\n                 <span class=\"ect-icon\"><i class=\"ect-icon-ticket\"><\/i><\/span>\n                 <span class=\"ect-rate\">\u20ac319<\/span>\n                 <\/div><a href=\"https:\/\/nijar.org\/it\/evento\/lessenza-della-meditazione-agosto-2026\/\" class=\"ect-events-read-more\" rel=\"bookmark\" data-no-translation=\"\" data-trp-gettext=\"\">Per saperne di pi\u00f9<\/a><\/div><div class=\"ect-list-venue default-venue\"><span class=\"ect-icon\"><i class=\"ect-icon-location\"><\/i><\/span><!-- Event Venue Info -->\n\t\t\t\t\t\t\t<span class=\"ect-venue-details ect-address\">\n\t\t\t\t\t\t\t<div>Der Garten von N\u00e2m Living,<span class=\"tribe-address\">\n\n<span class=\"tribe-street-address\">N\u00edjar Meditationszentrum<\/span>\n\t\n\t\t<br>\n\t\t<span class=\"tribe-locality\">N\u00ecjar<\/span><span class=\"tribe-delimiter\">,<\/span>\n\n\t<abbr class=\"tribe-region tribe-events-abbr\" title=\"N\u00ecjar\" data-no-translation-title=\"\">N\u00ecjar<\/abbr>\n\n\t<span class=\"tribe-postal-code\">04100<\/span>\n\n\t<span class=\"tribe-country-name\">Spanien<\/span>\n\n<\/span>\n<\/div><span class=\"ect-google\"><a class=\"tribe-events-gmap\" href=\"https:\/\/maps.google.com\/maps?f=q&#038;source=s_q&#038;hl=en&#038;geocode=&#038;q=N%C3%ADjar+Meditation+Center+N%C3%ACjar+N%C3%ACjar+04100+Spain\" title=\"Fai clic per visualizzare una mappa Google Maps\" target=\"_blank\" rel=\"noreferrer noopener\" data-no-translation=\"\" data-trp-gettext=\"\" data-no-translation-title=\"\">+ Google Maps<\/a><\/span><\/span><\/div><\/div><\/div><!-- right-wrapper close --><\/div><!-- event-loop-end --><div id=\"event-9795\" class=\"ect-list-post style-1 ect-simple-event future\"><div class=\"ect-list-post-left\">\n\t\t\t\t<div class=\"ect-list-img\" style=\"background-image:url(&#039;https:\/\/nijar.org\/wp-content\/uploads\/2023\/06\/retreat-book-1024x576.jpeg&#039;);background-size:cover;\"><a href=\"https:\/\/nijar.org\/it\/evento\/ritiro-di-nam-silence-per-donne-con-yoginam-settembre-2026\/\" alt=\"N\u00e2m Silence Retreat for Women with Yogin\u00e2m September 2026\" rel=\"bookmark\"><div class=\"ect-list-date\"><div class=\"ect-date-area default-schedule\"><span class=\"ev-day\">17<\/span>\n\t\t\t\t\t<span class=\"ev-mo\">Settembre<\/span>\n\t\t\t\t\t<span class=\"ev-yr\">2026<\/span><\/div><\/div><\/a><\/div><\/div><!-- left-post close --><div class=\"ect-list-post-right\">\n\t\t\t\t<div class=\"ect-list-post-right-table\"><div class=\"ect-list-description\"><h2 class=\"ect-list-title\"><a class=\"ect-event-url\" href=\"https:\/\/nijar.org\/it\/evento\/ritiro-di-nam-silence-per-donne-con-yoginam-settembre-2026\/\" rel=\"bookmark\">N\u00e2m Silence Retreat f\u00fcr Frauen mit Yogin\u00e2m September 2026<\/a><\/h2><!-- Event Content --><div class=\"ect-event-content\"><p>F\u00fcnf Tage v\u00f6lliger Stille mit einem t\u00e4glichen Programm regelm\u00e4\u00dfiger Meditationen, unterst\u00fctzt von M\u00f6nchen und Yogin\u00e2ms HarpMood. Dieses Retreat ist nur f\u00fcr Frauen. Was ist ein N\u00e2m-Schweige-Retreat?...<\/p>\n<\/div><!-- Event Ticket Price Info -->\n                 <div class=\"ect-rate-area\">\n                 <span class=\"ect-icon\"><i class=\"ect-icon-ticket\"><\/i><\/span>\n                 <span class=\"ect-rate\">\u20ac759<\/span>\n                 <\/div><a href=\"https:\/\/nijar.org\/it\/evento\/ritiro-di-nam-silence-per-donne-con-yoginam-settembre-2026\/\" class=\"ect-events-read-more\" rel=\"bookmark\" data-no-translation=\"\" data-trp-gettext=\"\">Per saperne di pi\u00f9<\/a><\/div><div class=\"ect-list-venue default-venue\"><span class=\"ect-icon\"><i class=\"ect-icon-location\"><\/i><\/span><!-- Event Venue Info -->\n\t\t\t\t\t\t\t<span class=\"ect-venue-details ect-address\">\n\t\t\t\t\t\t\t<div>Der Garten von N\u00e2m Living,<span class=\"tribe-address\">\n\n<span class=\"tribe-street-address\">N\u00edjar Meditationszentrum<\/span>\n\t\n\t\t<br>\n\t\t<span class=\"tribe-locality\">N\u00ecjar<\/span><span class=\"tribe-delimiter\">,<\/span>\n\n\t<abbr class=\"tribe-region tribe-events-abbr\" title=\"N\u00ecjar\" data-no-translation-title=\"\">N\u00ecjar<\/abbr>\n\n\t<span class=\"tribe-postal-code\">04100<\/span>\n\n\t<span class=\"tribe-country-name\">Spanien<\/span>\n\n<\/span>\n<\/div><span class=\"ect-google\"><a class=\"tribe-events-gmap\" href=\"https:\/\/maps.google.com\/maps?f=q&#038;source=s_q&#038;hl=en&#038;geocode=&#038;q=N%C3%ADjar+Meditation+Center+N%C3%ACjar+N%C3%ACjar+04100+Spain\" title=\"Fai clic per visualizzare una mappa Google Maps\" target=\"_blank\" rel=\"noreferrer noopener\" data-no-translation=\"\" data-trp-gettext=\"\" data-no-translation-title=\"\">+ Google Maps<\/a><\/span><\/span><\/div><\/div><\/div><!-- right-wrapper close --><\/div><!-- event-loop-end --><div id=\"event-10239\" class=\"ect-list-post style-1 ect-simple-event future\"><div class=\"ect-list-post-left\">\n\t\t\t\t<div class=\"ect-list-img\" style=\"background-image:url(&#039;https:\/\/nijar.org\/wp-content\/uploads\/2025\/11\/WhatsApp-Image-2022-10-04-at-151551-1024x576.jpeg&#039;);background-size:cover;\"><a href=\"https:\/\/nijar.org\/it\/evento\/lessenza-della-meditazione-ottobre-2026\/\" alt=\"The Essence of Meditation October 2026\" rel=\"bookmark\"><div class=\"ect-list-date\"><div class=\"ect-date-area default-schedule\"><span class=\"ev-day\">08<\/span>\n\t\t\t\t\t<span class=\"ev-mo\">Ottobre<\/span>\n\t\t\t\t\t<span class=\"ev-yr\">2026<\/span><\/div><\/div><\/a><\/div><\/div><!-- left-post close --><div class=\"ect-list-post-right\">\n\t\t\t\t<div class=\"ect-list-post-right-table\"><div class=\"ect-list-description\"><h2 class=\"ect-list-title\"><a class=\"ect-event-url\" href=\"https:\/\/nijar.org\/it\/evento\/lessenza-della-meditazione-ottobre-2026\/\" rel=\"bookmark\">Die Essenz der Meditation Oktober 2026<\/a><\/h2><!-- Event Content --><div class=\"ect-event-content\"><p>\u00a0 Besonderheiten Anreisetag: Check in um 15 Uhr, Intro 16:15, HarpMood 17.45 Uhr, Abendessen 19.00 Uhr Programm: Ankunftstag - Unterrichtstag - Tag der Stille - Abreisetag Abreise...<\/p>\n<\/div><!-- Event Ticket Price Info -->\n                 <div class=\"ect-rate-area\">\n                 <span class=\"ect-icon\"><i class=\"ect-icon-ticket\"><\/i><\/span>\n                 <span class=\"ect-rate\">\u20ac319<\/span>\n                 <\/div><a href=\"https:\/\/nijar.org\/it\/evento\/lessenza-della-meditazione-ottobre-2026\/\" class=\"ect-events-read-more\" rel=\"bookmark\" data-no-translation=\"\" data-trp-gettext=\"\">Per saperne di pi\u00f9<\/a><\/div><div class=\"ect-list-venue default-venue\"><span class=\"ect-icon\"><i class=\"ect-icon-location\"><\/i><\/span><!-- Event Venue Info -->\n\t\t\t\t\t\t\t<span class=\"ect-venue-details ect-address\">\n\t\t\t\t\t\t\t<div>Der Garten von N\u00e2m Living,<span class=\"tribe-address\">\n\n<span class=\"tribe-street-address\">N\u00edjar Meditationszentrum<\/span>\n\t\n\t\t<br>\n\t\t<span class=\"tribe-locality\">N\u00ecjar<\/span><span class=\"tribe-delimiter\">,<\/span>\n\n\t<abbr class=\"tribe-region tribe-events-abbr\" title=\"N\u00ecjar\" data-no-translation-title=\"\">N\u00ecjar<\/abbr>\n\n\t<span class=\"tribe-postal-code\">04100<\/span>\n\n\t<span class=\"tribe-country-name\">Spanien<\/span>\n\n<\/span>\n<\/div><span class=\"ect-google\"><a class=\"tribe-events-gmap\" href=\"https:\/\/maps.google.com\/maps?f=q&#038;source=s_q&#038;hl=en&#038;geocode=&#038;q=N%C3%ADjar+Meditation+Center+N%C3%ACjar+N%C3%ACjar+04100+Spain\" title=\"Fai clic per visualizzare una mappa Google Maps\" target=\"_blank\" rel=\"noreferrer noopener\" data-no-translation=\"\" data-trp-gettext=\"\" data-no-translation-title=\"\">+ Google Maps<\/a><\/span><\/span><\/div><\/div><\/div><!-- right-wrapper close --><\/div><!-- event-loop-end --><div id=\"event-9417\" class=\"ect-list-post style-1 ect-simple-event future\"><div class=\"ect-list-post-left\">\n\t\t\t\t<div class=\"ect-list-img\" style=\"background-image:url(&#039;https:\/\/nijar.org\/wp-content\/uploads\/2023\/06\/WhatsApp-Image-2022-10-04-at-15.15.51-1024x576.jpeg&#039;);background-size:cover;\"><a href=\"https:\/\/nijar.org\/it\/evento\/ritiro-di-nam-silence-per-uomini-con-yoginam-ottobre-2026\/\" alt=\"N\u00e2m Silence Retreat for Men with Yogin\u00e2m October 2026\" rel=\"bookmark\"><div class=\"ect-list-date\"><div class=\"ect-date-area default-schedule\"><span class=\"ev-day\">18<\/span>\n\t\t\t\t\t<span class=\"ev-mo\">Ottobre<\/span>\n\t\t\t\t\t<span class=\"ev-yr\">2026<\/span><\/div><\/div><\/a><\/div><\/div><!-- left-post close --><div class=\"ect-list-post-right\">\n\t\t\t\t<div class=\"ect-list-post-right-table\"><div class=\"ect-list-description\"><h2 class=\"ect-list-title\"><a class=\"ect-event-url\" href=\"https:\/\/nijar.org\/it\/evento\/ritiro-di-nam-silence-per-uomini-con-yoginam-ottobre-2026\/\" rel=\"bookmark\">N\u00e2m Silence Retreat f\u00fcr M\u00e4nner mit Yogin\u00e2m Oktober 2026<\/a><\/h2><!-- Event Content --><div class=\"ect-event-content\"><p>F\u00fcnf Tage v\u00f6lliger Stille mit einem t\u00e4glichen Programm regelm\u00e4\u00dfiger Meditationen, unterst\u00fctzt von M\u00f6nchen und Yogin\u00e2ms HarpMood. Dieses Retreat ist nur f\u00fcr M\u00e4nner. Was ist ein N\u00e2m-Schweige-Retreat?...<\/p>\n<\/div><!-- Event Ticket Price Info -->\n                 <div class=\"ect-rate-area\">\n                 <span class=\"ect-icon\"><i class=\"ect-icon-ticket\"><\/i><\/span>\n                 <span class=\"ect-rate\">\u20ac759<\/span>\n                 <\/div><a href=\"https:\/\/nijar.org\/it\/evento\/ritiro-di-nam-silence-per-uomini-con-yoginam-ottobre-2026\/\" class=\"ect-events-read-more\" rel=\"bookmark\" data-no-translation=\"\" data-trp-gettext=\"\">Per saperne di pi\u00f9<\/a><\/div><div class=\"ect-list-venue default-venue\"><span class=\"ect-icon\"><i class=\"ect-icon-location\"><\/i><\/span><!-- Event Venue Info -->\n\t\t\t\t\t\t\t<span class=\"ect-venue-details ect-address\">\n\t\t\t\t\t\t\t<div>Der Garten von N\u00e2m Living,<span class=\"tribe-address\">\n\n<span class=\"tribe-street-address\">N\u00edjar Meditationszentrum<\/span>\n\t\n\t\t<br>\n\t\t<span class=\"tribe-locality\">N\u00ecjar<\/span><span class=\"tribe-delimiter\">,<\/span>\n\n\t<abbr class=\"tribe-region tribe-events-abbr\" title=\"N\u00ecjar\" data-no-translation-title=\"\">N\u00ecjar<\/abbr>\n\n\t<span class=\"tribe-postal-code\">04100<\/span>\n\n\t<span class=\"tribe-country-name\">Spanien<\/span>\n\n<\/span>\n<\/div><span class=\"ect-google\"><a class=\"tribe-events-gmap\" href=\"https:\/\/maps.google.com\/maps?f=q&#038;source=s_q&#038;hl=en&#038;geocode=&#038;q=N%C3%ADjar+Meditation+Center+N%C3%ACjar+N%C3%ACjar+04100+Spain\" title=\"Fai clic per visualizzare una mappa Google Maps\" target=\"_blank\" rel=\"noreferrer noopener\" data-no-translation=\"\" data-trp-gettext=\"\" data-no-translation-title=\"\">+ Google Maps<\/a><\/span><\/span><\/div><\/div><\/div><!-- right-wrapper close --><\/div><!-- event-loop-end --><div id=\"event-10888\" class=\"ect-list-post style-1 ect-simple-event future\"><div class=\"ect-list-post-left\">\n\t\t\t\t<div class=\"ect-list-img\" style=\"background-image:url(&#039;https:\/\/nijar.org\/wp-content\/uploads\/2026\/02\/DSC05208-1024x576.webp&#039;);background-size:cover;\"><a href=\"https:\/\/nijar.org\/it\/evento\/vita-significativa-5-giorni-intensivi-novembre-2026\/\" alt=\"Meaningful Living 5-day Intensive November 2026\" rel=\"bookmark\"><div class=\"ect-list-date\"><div class=\"ect-date-area default-schedule\"><span class=\"ev-day\">11<\/span>\n\t\t\t\t\t<span class=\"ev-mo\">Novembre<\/span>\n\t\t\t\t\t<span class=\"ev-yr\">2026<\/span><\/div><\/div><\/a><\/div><\/div><!-- left-post close --><div class=\"ect-list-post-right\">\n\t\t\t\t<div class=\"ect-list-post-right-table\"><div class=\"ect-list-description\"><h2 class=\"ect-list-title\"><a class=\"ect-event-url\" href=\"https:\/\/nijar.org\/it\/evento\/vita-significativa-5-giorni-intensivi-novembre-2026\/\" rel=\"bookmark\">Sinnvolles Leben 5-Tage-Intensivkurs November 2026<\/a><\/h2><!-- Event Content --><div class=\"ect-event-content\"><p>\u00a0 Willkommen bei Meaningful Living Kommen Sie mit uns auf eine transformative Reise der Selbstentdeckung in einer ruhigen und friedlichen Umgebung.  Das Meaningful Living Retreat soll Ihnen helfen, eine tiefere...<\/p>\n<\/div><!-- Event Ticket Price Info -->\n                 <div class=\"ect-rate-area\">\n                 <span class=\"ect-icon\"><i class=\"ect-icon-ticket\"><\/i><\/span>\n                 <span class=\"ect-rate\">\u20ac417<\/span>\n                 <\/div><a href=\"https:\/\/nijar.org\/it\/evento\/vita-significativa-5-giorni-intensivi-novembre-2026\/\" class=\"ect-events-read-more\" rel=\"bookmark\" data-no-translation=\"\" data-trp-gettext=\"\">Per saperne di pi\u00f9<\/a><\/div><div class=\"ect-list-venue default-venue\"><span class=\"ect-icon\"><i class=\"ect-icon-location\"><\/i><\/span><!-- Event Venue Info -->\n\t\t\t\t\t\t\t<span class=\"ect-venue-details ect-address\">\n\t\t\t\t\t\t\t<div>Der Garten von N\u00e2m Living,<span class=\"tribe-address\">\n\n<span class=\"tribe-street-address\">N\u00edjar Meditationszentrum<\/span>\n\t\n\t\t<br>\n\t\t<span class=\"tribe-locality\">N\u00ecjar<\/span><span class=\"tribe-delimiter\">,<\/span>\n\n\t<abbr class=\"tribe-region tribe-events-abbr\" title=\"N\u00ecjar\" data-no-translation-title=\"\">N\u00ecjar<\/abbr>\n\n\t<span class=\"tribe-postal-code\">04100<\/span>\n\n\t<span class=\"tribe-country-name\">Spanien<\/span>\n\n<\/span>\n<\/div><span class=\"ect-google\"><a class=\"tribe-events-gmap\" href=\"https:\/\/maps.google.com\/maps?f=q&#038;source=s_q&#038;hl=en&#038;geocode=&#038;q=N%C3%ADjar+Meditation+Center+N%C3%ACjar+N%C3%ACjar+04100+Spain\" title=\"Fai clic per visualizzare una mappa Google Maps\" target=\"_blank\" rel=\"noreferrer noopener\" data-no-translation=\"\" data-trp-gettext=\"\" data-no-translation-title=\"\">+ Google Maps<\/a><\/span><\/span><\/div><\/div><\/div><!-- right-wrapper close --><\/div><!-- event-loop-end --><div id=\"event-10256\" class=\"ect-list-post style-1 ect-simple-event future\"><div class=\"ect-list-post-left\">\n\t\t\t\t<div class=\"ect-list-img\" style=\"background-image:url(&#039;https:\/\/nijar.org\/wp-content\/uploads\/2025\/11\/WhatsApp-Image-2022-10-04-at-151551-1024x576.jpeg&#039;);background-size:cover;\"><a href=\"https:\/\/nijar.org\/it\/evento\/lessenza-della-meditazione-dicembre-2026\/\" alt=\"The Essence of Meditation December 2026\" rel=\"bookmark\"><div class=\"ect-list-date\"><div class=\"ect-date-area default-schedule\"><span class=\"ev-day\">10<\/span>\n\t\t\t\t\t<span class=\"ev-mo\">Dicembre<\/span>\n\t\t\t\t\t<span class=\"ev-yr\">2026<\/span><\/div><\/div><\/a><\/div><\/div><!-- left-post close --><div class=\"ect-list-post-right\">\n\t\t\t\t<div class=\"ect-list-post-right-table\"><div class=\"ect-list-description\"><h2 class=\"ect-list-title\"><a class=\"ect-event-url\" href=\"https:\/\/nijar.org\/it\/evento\/lessenza-della-meditazione-dicembre-2026\/\" rel=\"bookmark\">Die Essenz der Meditation Dezember 2026<\/a><\/h2><!-- Event Content --><div class=\"ect-event-content\"><p>\u00a0 Besonderheiten Anreisetag: Check in um 15 Uhr, Intro 16:15, HarpMood 17.45 Uhr, Abendessen 19.00 Uhr Programm: Ankunftstag - Unterrichtstag - Tag der Stille - Abreisetag Abreise...<\/p>\n<\/div><!-- Event Ticket Price Info -->\n                 <div class=\"ect-rate-area\">\n                 <span class=\"ect-icon\"><i class=\"ect-icon-ticket\"><\/i><\/span>\n                 <span class=\"ect-rate\">\u20ac319<\/span>\n                 <\/div><a href=\"https:\/\/nijar.org\/it\/evento\/lessenza-della-meditazione-dicembre-2026\/\" class=\"ect-events-read-more\" rel=\"bookmark\" data-no-translation=\"\" data-trp-gettext=\"\">Per saperne di pi\u00f9<\/a><\/div><div class=\"ect-list-venue default-venue\"><span class=\"ect-icon\"><i class=\"ect-icon-location\"><\/i><\/span><!-- Event Venue Info -->\n\t\t\t\t\t\t\t<span class=\"ect-venue-details ect-address\">\n\t\t\t\t\t\t\t<div>Der Garten von N\u00e2m Living,<span class=\"tribe-address\">\n\n<span class=\"tribe-street-address\">N\u00edjar Meditationszentrum<\/span>\n\t\n\t\t<br>\n\t\t<span class=\"tribe-locality\">N\u00ecjar<\/span><span class=\"tribe-delimiter\">,<\/span>\n\n\t<abbr class=\"tribe-region tribe-events-abbr\" title=\"N\u00ecjar\" data-no-translation-title=\"\">N\u00ecjar<\/abbr>\n\n\t<span class=\"tribe-postal-code\">04100<\/span>\n\n\t<span class=\"tribe-country-name\">Spanien<\/span>\n\n<\/span>\n<\/div><span class=\"ect-google\"><a class=\"tribe-events-gmap\" href=\"https:\/\/maps.google.com\/maps?f=q&#038;source=s_q&#038;hl=en&#038;geocode=&#038;q=N%C3%ADjar+Meditation+Center+N%C3%ACjar+N%C3%ACjar+04100+Spain\" title=\"Fai clic per visualizzare una mappa Google Maps\" target=\"_blank\" rel=\"noreferrer noopener\" data-no-translation=\"\" data-trp-gettext=\"\" data-no-translation-title=\"\">+ Google Maps<\/a><\/span><\/span><\/div><\/div><\/div><!-- right-wrapper close --><\/div><!-- event-loop-end --><\/div><\/div><\/p><\/div>\n\t\t\t\t<\/div>\n\t\t\t\t\t\t\t<div class=\"elementor-toggle-item\">\n\t\t\t\t\t<div id=\"elementor-tab-title-1722\" class=\"elementor-tab-title\" data-tab=\"2\" role=\"button\" aria-controls=\"elementor-tab-content-1722\" aria-expanded=\"false\">\n\t\t\t\t\t\t\t\t\t\t\t\t<span class=\"elementor-toggle-icon elementor-toggle-icon-left\" aria-hidden=\"true\">\n\t\t\t\t\t\t\t\t\t\t\t\t\t\t\t<span class=\"elementor-toggle-icon-closed\"><i class=\"fas fa-caret-right\"><\/i><\/span>\n\t\t\t\t\t\t\t\t<span class=\"elementor-toggle-icon-opened\"><i class=\"elementor-toggle-icon-opened fas fa-caret-up\"><\/i><\/span>\n\t\t\t\t\t\t\t\t\t\t\t\t\t<\/span>\n\t\t\t\t\t\t\t\t\t\t\t\t<a class=\"elementor-toggle-title\" tabindex=\"0\">Yoga-Retreats<\/a>\n\t\t\t\t\t<\/div>\n\n\t\t\t\t\t<div id=\"elementor-tab-content-1722\" class=\"elementor-tab-content elementor-clearfix\" data-tab=\"2\" role=\"region\" aria-labelledby=\"elementor-tab-title-1722\"><p><div id=\"ect-no-events\"><p>Zur Zeit sind keine Veranstaltungen geplant<\/p><\/div><\/p><\/div>\n\t\t\t\t<\/div>\n\t\t\t\t\t\t\t<div class=\"elementor-toggle-item\">\n\t\t\t\t\t<div id=\"elementor-tab-title-1723\" class=\"elementor-tab-title\" data-tab=\"3\" role=\"button\" aria-controls=\"elementor-tab-content-1723\" aria-expanded=\"false\">\n\t\t\t\t\t\t\t\t\t\t\t\t<span class=\"elementor-toggle-icon elementor-toggle-icon-left\" aria-hidden=\"true\">\n\t\t\t\t\t\t\t\t\t\t\t\t\t\t\t<span class=\"elementor-toggle-icon-closed\"><i class=\"fas fa-caret-right\"><\/i><\/span>\n\t\t\t\t\t\t\t\t<span class=\"elementor-toggle-icon-opened\"><i class=\"elementor-toggle-icon-opened fas fa-caret-up\"><\/i><\/span>\n\t\t\t\t\t\t\t\t\t\t\t\t\t<\/span>\n\t\t\t\t\t\t\t\t\t\t\t\t<a class=\"elementor-toggle-title\" tabindex=\"0\">Werkst\u00e4tten<\/a>\n\t\t\t\t\t<\/div>\n\n\t\t\t\t\t<div id=\"elementor-tab-content-1723\" class=\"elementor-tab-content elementor-clearfix\" data-tab=\"3\" role=\"region\" aria-labelledby=\"elementor-tab-title-1723\"><p><div id=\"ect-no-events\"><p>Zur Zeit sind keine Veranstaltungen geplant<\/p><\/div><\/p><\/div>\n\t\t\t\t<\/div>\n\t\t\t\t\t\t\t<div class=\"elementor-toggle-item\">\n\t\t\t\t\t<div id=\"elementor-tab-title-1724\" class=\"elementor-tab-title\" data-tab=\"4\" role=\"button\" aria-controls=\"elementor-tab-content-1724\" aria-expanded=\"false\">\n\t\t\t\t\t\t\t\t\t\t\t\t<span class=\"elementor-toggle-icon elementor-toggle-icon-left\" aria-hidden=\"true\">\n\t\t\t\t\t\t\t\t\t\t\t\t\t\t\t<span class=\"elementor-toggle-icon-closed\"><i class=\"fas fa-caret-right\"><\/i><\/span>\n\t\t\t\t\t\t\t\t<span class=\"elementor-toggle-icon-opened\"><i class=\"elementor-toggle-icon-opened fas fa-caret-up\"><\/i><\/span>\n\t\t\t\t\t\t\t\t\t\t\t\t\t<\/span>\n\t\t\t\t\t\t\t\t\t\t\t\t<a class=\"elementor-toggle-title\" tabindex=\"0\">Alle Ereignisse<\/a>\n\t\t\t\t\t<\/div>\n\n\t\t\t\t\t<div id=\"elementor-tab-content-1724\" class=\"elementor-tab-content elementor-clearfix\" data-tab=\"4\" role=\"region\" aria-labelledby=\"elementor-tab-title-1724\"><p><!=========Events list Template 2.6.2=========><div id=\"ect-events-list-content\"><div id=\"list-wrp\" class=\"ect-list-wrapper all\"><div id=\"event-9411\" class=\"ect-list-post style-1 ect-simple-event future\"><div class=\"ect-list-post-left\">\n\t\t\t\t<div class=\"ect-list-img\" style=\"background-image:url(&#039;https:\/\/nijar.org\/wp-content\/uploads\/2024\/02\/retreat-blur-759x1024.jpg&#039;);background-size:cover;\"><a href=\"https:\/\/nijar.org\/it\/evento\/ritiro-del-silenzio-con-yoginam-aprile-2026\/\" alt=\"N\u00e2m Silence Retreat with Yogin\u00e2m April 2026 (Fully Booked)\" rel=\"bookmark\"><div class=\"ect-list-date\"><div class=\"ect-date-area default-schedule\"><span class=\"ev-day\">26<\/span>\n\t\t\t\t\t<span class=\"ev-mo\">Aprile<\/span>\n\t\t\t\t\t<span class=\"ev-yr\">2026<\/span><\/div><\/div><\/a><\/div><\/div><!-- left-post close --><div class=\"ect-list-post-right\">\n\t\t\t\t<div class=\"ect-list-post-right-table\"><div class=\"ect-list-description\"><h2 class=\"ect-list-title\"><a class=\"ect-event-url\" href=\"https:\/\/nijar.org\/it\/evento\/ritiro-del-silenzio-con-yoginam-aprile-2026\/\" rel=\"bookmark\">N\u00e2m Silence Retreat with Yogin\u00e2m April 2026 (Fully Booked)<\/a><\/h2><!-- Event Content --><div class=\"ect-event-content\"><p>F\u00fcnf Tage v\u00f6lliger Stille mit einem t\u00e4glichen Programm regelm\u00e4\u00dfiger Meditationen, unterst\u00fctzt von M\u00f6nchen und Yogin\u00e2ms HarpMood. Was ist ein N\u00e2m-Schweige-Retreat? Bitte klicken Sie hier.<\/p>\n<\/div><!-- Event Ticket Price Info -->\n                 <div class=\"ect-rate-area\">\n                 <span class=\"ect-icon\"><i class=\"ect-icon-ticket\"><\/i><\/span>\n                 <span class=\"ect-rate\">\u20ac759<\/span>\n                 <\/div><a href=\"https:\/\/nijar.org\/it\/evento\/ritiro-del-silenzio-con-yoginam-aprile-2026\/\" class=\"ect-events-read-more\" rel=\"bookmark\" data-no-translation=\"\" data-trp-gettext=\"\">Per saperne di pi\u00f9<\/a><\/div><div class=\"ect-list-venue default-venue\"><span class=\"ect-icon\"><i class=\"ect-icon-location\"><\/i><\/span><!-- Event Venue Info -->\n\t\t\t\t\t\t\t<span class=\"ect-venue-details ect-address\">\n\t\t\t\t\t\t\t<div>Der Garten von N\u00e2m Living,<span class=\"tribe-address\">\n\n<span class=\"tribe-street-address\">N\u00edjar Meditationszentrum<\/span>\n\t\n\t\t<br>\n\t\t<span class=\"tribe-locality\">N\u00ecjar<\/span><span class=\"tribe-delimiter\">,<\/span>\n\n\t<abbr class=\"tribe-region tribe-events-abbr\" title=\"N\u00ecjar\" data-no-translation-title=\"\">N\u00ecjar<\/abbr>\n\n\t<span class=\"tribe-postal-code\">04100<\/span>\n\n\t<span class=\"tribe-country-name\">Spanien<\/span>\n\n<\/span>\n<\/div><span class=\"ect-google\"><a class=\"tribe-events-gmap\" href=\"https:\/\/maps.google.com\/maps?f=q&#038;source=s_q&#038;hl=en&#038;geocode=&#038;q=N%C3%ADjar+Meditation+Center+N%C3%ACjar+N%C3%ACjar+04100+Spain\" title=\"Fai clic per visualizzare una mappa Google Maps\" target=\"_blank\" rel=\"noreferrer noopener\" data-no-translation=\"\" data-trp-gettext=\"\" data-no-translation-title=\"\">+ Google Maps<\/a><\/span><\/span><\/div><\/div><\/div><!-- right-wrapper close --><\/div><!-- event-loop-end --><div id=\"event-10138\" class=\"ect-list-post style-1 ect-simple-event future\"><div class=\"ect-list-post-left\">\n\t\t\t\t<div class=\"ect-list-img\" style=\"background-image:url(&#039;https:\/\/nijar.org\/wp-content\/uploads\/2024\/10\/Goodmorning-Yoga-1024x683.jpg&#039;);background-size:cover;\"><a href=\"https:\/\/nijar.org\/it\/evento\/5-giorni-di-yoga-intensivo-maggio-2026\/\" alt=\"5 Days Yoga Intensive May 2026\" rel=\"bookmark\"><div class=\"ect-list-date\"><div class=\"ect-date-area default-schedule\"><span class=\"ev-day\">08<\/span>\n\t\t\t\t\t<span class=\"ev-mo\">Maggio<\/span>\n\t\t\t\t\t<span class=\"ev-yr\">2026<\/span><\/div><\/div><\/a><\/div><\/div><!-- left-post close --><div class=\"ect-list-post-right\">\n\t\t\t\t<div class=\"ect-list-post-right-table\"><div class=\"ect-list-description\"><h2 class=\"ect-list-title\"><a class=\"ect-event-url\" href=\"https:\/\/nijar.org\/it\/evento\/5-giorni-di-yoga-intensivo-maggio-2026\/\" rel=\"bookmark\">5 Tage Yoga-Intensivkurs Mai 2026<\/a><\/h2><!-- Event Content --><div class=\"ect-event-content\"><p>\u00a0 Besonderheiten Anreisetag: Einchecken um 15 Uhr, Einf\u00fchrung 16:30 Uhr, Meditation 18 Uhr, Abendessen 19.30 Uhr Programm: Drei volle Tage Abreisetag: Auschecken nach der Morgenmeditation um 11 Uhr...<\/p>\n<\/div><!-- Event Ticket Price Info -->\n                 <div class=\"ect-rate-area\">\n                 <span class=\"ect-icon\"><i class=\"ect-icon-ticket\"><\/i><\/span>\n                 <span class=\"ect-rate\">\u20ac392<\/span>\n                 <\/div><a href=\"https:\/\/nijar.org\/it\/evento\/5-giorni-di-yoga-intensivo-maggio-2026\/\" class=\"ect-events-read-more\" rel=\"bookmark\" data-no-translation=\"\" data-trp-gettext=\"\">Per saperne di pi\u00f9<\/a><\/div><div class=\"ect-list-venue default-venue\"><span class=\"ect-icon\"><i class=\"ect-icon-location\"><\/i><\/span><!-- Event Venue Info -->\n\t\t\t\t\t\t\t<span class=\"ect-venue-details ect-address\">\n\t\t\t\t\t\t\t<div>Der Garten von N\u00e2m Living,<span class=\"tribe-address\">\n\n<span class=\"tribe-street-address\">N\u00edjar Meditationszentrum<\/span>\n\t\n\t\t<br>\n\t\t<span class=\"tribe-locality\">N\u00ecjar<\/span><span class=\"tribe-delimiter\">,<\/span>\n\n\t<abbr class=\"tribe-region tribe-events-abbr\" title=\"N\u00ecjar\" data-no-translation-title=\"\">N\u00ecjar<\/abbr>\n\n\t<span class=\"tribe-postal-code\">04100<\/span>\n\n\t<span class=\"tribe-country-name\">Spanien<\/span>\n\n<\/span>\n<\/div><span class=\"ect-google\"><a class=\"tribe-events-gmap\" href=\"https:\/\/maps.google.com\/maps?f=q&#038;source=s_q&#038;hl=en&#038;geocode=&#038;q=N%C3%ADjar+Meditation+Center+N%C3%ACjar+N%C3%ACjar+04100+Spain\" title=\"Fai clic per visualizzare una mappa Google Maps\" target=\"_blank\" rel=\"noreferrer noopener\" data-no-translation=\"\" data-trp-gettext=\"\" data-no-translation-title=\"\">+ Google Maps<\/a><\/span><\/span><\/div><\/div><\/div><!-- right-wrapper close --><\/div><!-- event-loop-end --><div id=\"event-9765\" class=\"ect-list-post style-1 ect-simple-event future\"><div class=\"ect-list-post-left\">\n\t\t\t\t<div class=\"ect-list-img\" style=\"background-image:url(&#039;https:\/\/nijar.org\/wp-content\/uploads\/2023\/01\/IMG_0302-cut-844x1024.jpg&#039;);background-size:cover;\"><a href=\"https:\/\/nijar.org\/it\/evento\/3-giorni-di-yoga-8-maggio-2026\/\" alt=\"3 Days Yoga Experience May 8th 2026\" rel=\"bookmark\"><div class=\"ect-list-date\"><div class=\"ect-date-area default-schedule\"><span class=\"ev-day\">08<\/span>\n\t\t\t\t\t<span class=\"ev-mo\">Maggio<\/span>\n\t\t\t\t\t<span class=\"ev-yr\">2026<\/span><\/div><\/div><\/a><\/div><\/div><!-- left-post close --><div class=\"ect-list-post-right\">\n\t\t\t\t<div class=\"ect-list-post-right-table\"><div class=\"ect-list-description\"><h2 class=\"ect-list-title\"><a class=\"ect-event-url\" href=\"https:\/\/nijar.org\/it\/evento\/3-giorni-di-yoga-8-maggio-2026\/\" rel=\"bookmark\">3 Tage Yoga Erfahrung 8. Mai 2026<\/a><\/h2><!-- Event Content --><div class=\"ect-event-content\"><p>\u00a0 Besonderheiten Anreisetag: Einchecken um 15 Uhr, Einf\u00fchrung 16:30 Uhr, Meditation 18 Uhr, Abendessen 19.00 Uhr Programm: 3 Tage mit der M\u00f6glichkeit, auf 5 Tage Yoga zu verl\u00e4ngern...<\/p>\n<\/div><!-- Event Ticket Price Info -->\n                 <div class=\"ect-rate-area\">\n                 <span class=\"ect-icon\"><i class=\"ect-icon-ticket\"><\/i><\/span>\n                 <span class=\"ect-rate\">\u20ac196<\/span>\n                 <\/div><a href=\"https:\/\/nijar.org\/it\/evento\/3-giorni-di-yoga-8-maggio-2026\/\" class=\"ect-events-read-more\" rel=\"bookmark\" data-no-translation=\"\" data-trp-gettext=\"\">Per saperne di pi\u00f9<\/a><\/div><div class=\"ect-list-venue default-venue\"><span class=\"ect-icon\"><i class=\"ect-icon-location\"><\/i><\/span><!-- Event Venue Info -->\n\t\t\t\t\t\t\t<span class=\"ect-venue-details ect-address\">\n\t\t\t\t\t\t\t<div>Der Garten von N\u00e2m Living,<span class=\"tribe-address\">\n\n<span class=\"tribe-street-address\">N\u00edjar Meditationszentrum<\/span>\n\t\n\t\t<br>\n\t\t<span class=\"tribe-locality\">N\u00ecjar<\/span><span class=\"tribe-delimiter\">,<\/span>\n\n\t<abbr class=\"tribe-region tribe-events-abbr\" title=\"N\u00ecjar\" data-no-translation-title=\"\">N\u00ecjar<\/abbr>\n\n\t<span class=\"tribe-postal-code\">04100<\/span>\n\n\t<span class=\"tribe-country-name\">Spanien<\/span>\n\n<\/span>\n<\/div><span class=\"ect-google\"><a class=\"tribe-events-gmap\" href=\"https:\/\/maps.google.com\/maps?f=q&#038;source=s_q&#038;hl=en&#038;geocode=&#038;q=N%C3%ADjar+Meditation+Center+N%C3%ACjar+N%C3%ACjar+04100+Spain\" title=\"Fai clic per visualizzare una mappa Google Maps\" target=\"_blank\" rel=\"noreferrer noopener\" data-no-translation=\"\" data-trp-gettext=\"\" data-no-translation-title=\"\">+ Google Maps<\/a><\/span><\/span><\/div><\/div><\/div><!-- right-wrapper close --><\/div><!-- event-loop-end --><div id=\"event-9294\" class=\"ect-list-post style-1 ect-simple-event future\"><div class=\"ect-list-post-left\">\n\t\t\t\t<div class=\"ect-list-img\" style=\"background-image:url(&#039;https:\/\/nijar.org\/wp-content\/uploads\/2022\/11\/anna.png&#039;);background-size:cover;\"><a href=\"https:\/\/nijar.org\/it\/evento\/indagine-causale-ritiro-sciamanico-di-base-con-anna-montis-maggio-2026\/\" alt=\"Causal Investigation Basic Shamanic Retreat with Anna Montis &#8211; May 2026\" rel=\"bookmark\"><div class=\"ect-list-date\"><div class=\"ect-date-area default-schedule\"><span class=\"ev-day\">14<\/span>\n\t\t\t\t\t<span class=\"ev-mo\">Maggio<\/span>\n\t\t\t\t\t<span class=\"ev-yr\">2026<\/span><\/div><\/div><\/a><\/div><\/div><!-- left-post close --><div class=\"ect-list-post-right\">\n\t\t\t\t<div class=\"ect-list-post-right-table\"><div class=\"ect-list-description\"><h2 class=\"ect-list-title\"><a class=\"ect-event-url\" href=\"https:\/\/nijar.org\/it\/evento\/indagine-causale-ritiro-sciamanico-di-base-con-anna-montis-maggio-2026\/\" rel=\"bookmark\">Schamanische Grundklausur zur Ursachenforschung mit Anna Montis - Mai 2026<\/a><\/h2><!-- Event Content --><div class=\"ect-event-content\"><p>Dieses Retreat kann mit dem Advanced Shamanic Retreat erweitert werden. Causal Investigation ist eine Chance, den Blick \u00fcber die allt\u00e4gliche Wahrnehmung hinaus zu weiten und Heilung zu erfahren, die auf einer...<\/p>\n<\/div><!-- Event Ticket Price Info -->\n                 <div class=\"ect-rate-area\">\n                 <span class=\"ect-icon\"><i class=\"ect-icon-ticket\"><\/i><\/span>\n                 <span class=\"ect-rate\">\u20ac655<\/span>\n                 <\/div><a href=\"https:\/\/nijar.org\/it\/evento\/indagine-causale-ritiro-sciamanico-di-base-con-anna-montis-maggio-2026\/\" class=\"ect-events-read-more\" rel=\"bookmark\" data-no-translation=\"\" data-trp-gettext=\"\">Per saperne di pi\u00f9<\/a><\/div><div class=\"ect-list-venue default-venue\"><span class=\"ect-icon\"><i class=\"ect-icon-location\"><\/i><\/span><!-- Event Venue Info -->\n\t\t\t\t\t\t\t<span class=\"ect-venue-details ect-address\">\n\t\t\t\t\t\t\t<div>Der Garten von N\u00e2m Living,<span class=\"tribe-address\">\n\n<span class=\"tribe-street-address\">N\u00edjar Meditationszentrum<\/span>\n\t\n\t\t<br>\n\t\t<span class=\"tribe-locality\">N\u00ecjar<\/span><span class=\"tribe-delimiter\">,<\/span>\n\n\t<abbr class=\"tribe-region tribe-events-abbr\" title=\"N\u00ecjar\" data-no-translation-title=\"\">N\u00ecjar<\/abbr>\n\n\t<span class=\"tribe-postal-code\">04100<\/span>\n\n\t<span class=\"tribe-country-name\">Spanien<\/span>\n\n<\/span>\n<\/div><span class=\"ect-google\"><a class=\"tribe-events-gmap\" href=\"https:\/\/maps.google.com\/maps?f=q&#038;source=s_q&#038;hl=en&#038;geocode=&#038;q=N%C3%ADjar+Meditation+Center+N%C3%ACjar+N%C3%ACjar+04100+Spain\" title=\"Fai clic per visualizzare una mappa Google Maps\" target=\"_blank\" rel=\"noreferrer noopener\" data-no-translation=\"\" data-trp-gettext=\"\" data-no-translation-title=\"\">+ Google Maps<\/a><\/span><\/span><\/div><\/div><\/div><!-- right-wrapper close --><\/div><!-- event-loop-end --><div id=\"event-9295\" class=\"ect-list-post style-1 ect-simple-event future\"><div class=\"ect-list-post-left\">\n\t\t\t\t<div class=\"ect-list-img\" style=\"background-image:url(&#039;https:\/\/nijar.org\/wp-content\/uploads\/2025\/01\/P1010568-comp-1024x682.jpg&#039;);background-size:cover;\"><a href=\"https:\/\/nijar.org\/it\/evento\/indagine-causale-ritiro-sciamanico-avanzato-con-anna-montis-maggio-2025-2\/\" alt=\"Causal Investigation Advanced Shamanic Retreat with Anna Montis &#8211; May 2026\" rel=\"bookmark\"><div class=\"ect-list-date\"><div class=\"ect-date-area default-schedule\"><span class=\"ev-day\">21<\/span>\n\t\t\t\t\t<span class=\"ev-mo\">Maggio<\/span>\n\t\t\t\t\t<span class=\"ev-yr\">2026<\/span><\/div><\/div><\/a><\/div><\/div><!-- left-post close --><div class=\"ect-list-post-right\">\n\t\t\t\t<div class=\"ect-list-post-right-table\"><div class=\"ect-list-description\"><h2 class=\"ect-list-title\"><a class=\"ect-event-url\" href=\"https:\/\/nijar.org\/it\/evento\/indagine-causale-ritiro-sciamanico-avanzato-con-anna-montis-maggio-2025-2\/\" rel=\"bookmark\">Schamanisches Retreat f\u00fcr Fortgeschrittene zur Ursachenforschung mit Anna Montis - Mai 2026<\/a><\/h2><!-- Event Content --><div class=\"ect-event-content\"><p>Dies ist ein schamanisches Retreat f\u00fcr die fortgeschrittene Ausbildung. und f\u00fcr Menschen, die am Basis-Retreat teilgenommen haben, verf\u00fcgbar. F\u00fcr diejenigen, die bereits den Basis-Workshop besucht haben, gibt es die...<\/p>\n<\/div><!-- Event Ticket Price Info -->\n                 <div class=\"ect-rate-area\">\n                 <span class=\"ect-icon\"><i class=\"ect-icon-ticket\"><\/i><\/span>\n                 <span class=\"ect-rate\">\u20ac655<\/span>\n                 <\/div><a href=\"https:\/\/nijar.org\/it\/evento\/indagine-causale-ritiro-sciamanico-avanzato-con-anna-montis-maggio-2025-2\/\" class=\"ect-events-read-more\" rel=\"bookmark\" data-no-translation=\"\" data-trp-gettext=\"\">Per saperne di pi\u00f9<\/a><\/div><div class=\"ect-list-venue default-venue\"><span class=\"ect-icon\"><i class=\"ect-icon-location\"><\/i><\/span><!-- Event Venue Info -->\n\t\t\t\t\t\t\t<span class=\"ect-venue-details ect-address\">\n\t\t\t\t\t\t\t<div>Der Garten von N\u00e2m Living,<span class=\"tribe-address\">\n\n<span class=\"tribe-street-address\">N\u00edjar Meditationszentrum<\/span>\n\t\n\t\t<br>\n\t\t<span class=\"tribe-locality\">N\u00ecjar<\/span><span class=\"tribe-delimiter\">,<\/span>\n\n\t<abbr class=\"tribe-region tribe-events-abbr\" title=\"N\u00ecjar\" data-no-translation-title=\"\">N\u00ecjar<\/abbr>\n\n\t<span class=\"tribe-postal-code\">04100<\/span>\n\n\t<span class=\"tribe-country-name\">Spanien<\/span>\n\n<\/span>\n<\/div><span class=\"ect-google\"><a class=\"tribe-events-gmap\" href=\"https:\/\/maps.google.com\/maps?f=q&#038;source=s_q&#038;hl=en&#038;geocode=&#038;q=N%C3%ADjar+Meditation+Center+N%C3%ACjar+N%C3%ACjar+04100+Spain\" title=\"Fai clic per visualizzare una mappa Google Maps\" target=\"_blank\" rel=\"noreferrer noopener\" data-no-translation=\"\" data-trp-gettext=\"\" data-no-translation-title=\"\">+ Google Maps<\/a><\/span><\/span><\/div><\/div><\/div><!-- right-wrapper close --><\/div><!-- event-loop-end --><div id=\"event-10566\" class=\"ect-list-post style-1 ect-simple-event future\"><div class=\"ect-list-post-left\">\n\t\t\t\t<div class=\"ect-list-img\" style=\"background-image:url(&#039;https:\/\/nijar.org\/wp-content\/uploads\/2025\/11\/ullrich-wellness-massage-1024x683.jpeg&#039;);background-size:cover;\"><a href=\"https:\/\/nijar.org\/it\/evento\/3-giorni-di-esperienza-di-benessere-maggio-2026\/\" alt=\"3 Days Wellness Experience May 2026\" rel=\"bookmark\"><div class=\"ect-list-date\"><div class=\"ect-date-area default-schedule\"><span class=\"ev-day\">29<\/span>\n\t\t\t\t\t<span class=\"ev-mo\">Maggio<\/span>\n\t\t\t\t\t<span class=\"ev-yr\">2026<\/span><\/div><\/div><\/a><\/div><\/div><!-- left-post close --><div class=\"ect-list-post-right\">\n\t\t\t\t<div class=\"ect-list-post-right-table\"><div class=\"ect-list-description\"><h2 class=\"ect-list-title\"><a class=\"ect-event-url\" href=\"https:\/\/nijar.org\/it\/evento\/3-giorni-di-esperienza-di-benessere-maggio-2026\/\" rel=\"bookmark\">3 Tage Wellness-Erlebnis Mai 2026<\/a><\/h2><!-- Event Content --><div class=\"ect-event-content\"><p>\u00a0 Features \u00a0 Arrival day: Check in at 15 h, introduction 16:30, meditation 18 h, supper 19.00Program: 3 days with a possibility to extend to a 5 day IntensiveDeparture day:&#8230;<\/p>\n<\/div><!-- Event Ticket Price Info -->\n                 <div class=\"ect-rate-area\">\n                 <span class=\"ect-icon\"><i class=\"ect-icon-ticket\"><\/i><\/span>\n                 <span class=\"ect-rate\">\u20ac246<\/span>\n                 <\/div><a href=\"https:\/\/nijar.org\/it\/evento\/3-giorni-di-esperienza-di-benessere-maggio-2026\/\" class=\"ect-events-read-more\" rel=\"bookmark\" data-no-translation=\"\" data-trp-gettext=\"\">Per saperne di pi\u00f9<\/a><\/div><div class=\"ect-list-venue default-venue\"><span class=\"ect-icon\"><i class=\"ect-icon-location\"><\/i><\/span><!-- Event Venue Info -->\n\t\t\t\t\t\t\t<span class=\"ect-venue-details ect-address\">\n\t\t\t\t\t\t\t<div>Der Garten von N\u00e2m Living,<span class=\"tribe-address\">\n\n<span class=\"tribe-street-address\">N\u00edjar Meditationszentrum<\/span>\n\t\n\t\t<br>\n\t\t<span class=\"tribe-locality\">N\u00ecjar<\/span><span class=\"tribe-delimiter\">,<\/span>\n\n\t<abbr class=\"tribe-region tribe-events-abbr\" title=\"N\u00ecjar\" data-no-translation-title=\"\">N\u00ecjar<\/abbr>\n\n\t<span class=\"tribe-postal-code\">04100<\/span>\n\n\t<span class=\"tribe-country-name\">Spanien<\/span>\n\n<\/span>\n<\/div><span class=\"ect-google\"><a class=\"tribe-events-gmap\" href=\"https:\/\/maps.google.com\/maps?f=q&#038;source=s_q&#038;hl=en&#038;geocode=&#038;q=N%C3%ADjar+Meditation+Center+N%C3%ACjar+N%C3%ACjar+04100+Spain\" title=\"Fai clic per visualizzare una mappa Google Maps\" target=\"_blank\" rel=\"noreferrer noopener\" data-no-translation=\"\" data-trp-gettext=\"\" data-no-translation-title=\"\">+ Google Maps<\/a><\/span><\/span><\/div><\/div><\/div><!-- right-wrapper close --><\/div><!-- event-loop-end --><div id=\"event-11178\" class=\"ect-list-post style-1 ect-simple-event future\"><div class=\"ect-list-post-left\">\n\t\t\t\t<div class=\"ect-list-img\" style=\"background-image:url(&#039;https:\/\/nijar.org\/wp-content\/uploads\/2026\/04\/b2518a_1a1529f67a4f4191b7d8d410d4028c15mv2.avif&#039;);background-size:cover;\"><a href=\"https:\/\/nijar.org\/it\/evento\/peace-festival-almeria-spain-5-7-june-2026\/\" alt=\"PeaceFestival Almeria, June 2026\" rel=\"bookmark\"><div class=\"ect-list-date\"><div class=\"ect-date-area default-schedule\"><span class=\"ev-day\">05<\/span>\n\t\t\t\t\t<span class=\"ev-mo\">Giugno<\/span>\n\t\t\t\t\t<span class=\"ev-yr\">2026<\/span><\/div><\/div><\/a><\/div><\/div><!-- left-post close --><div class=\"ect-list-post-right\">\n\t\t\t\t<div class=\"ect-list-post-right-table\"><div class=\"ect-list-description\"><h2 class=\"ect-list-title\"><a class=\"ect-event-url\" href=\"https:\/\/nijar.org\/it\/evento\/peace-festival-almeria-spain-5-7-june-2026\/\" rel=\"bookmark\">PeaceFestival Almeria, June 2026<\/a><\/h2><!-- Event Content --><div class=\"ect-event-content\"><p>In a time when humanity is searching for deeper peace, harmony, and authentic connection, The Garden of N\u00e2m offers a space to remember our shared essence beyond religion, beyond ideology,&#8230;<\/p>\n<\/div><!-- Event Ticket Price Info -->\n                 <div class=\"ect-rate-area\">\n                 <span class=\"ect-icon\"><i class=\"ect-icon-ticket\"><\/i><\/span>\n                 <span class=\"ect-rate\">\u20ac380<\/span>\n                 <\/div><a href=\"https:\/\/nijar.org\/it\/evento\/peace-festival-almeria-spain-5-7-june-2026\/\" class=\"ect-events-read-more\" rel=\"bookmark\" data-no-translation=\"\" data-trp-gettext=\"\">Per saperne di pi\u00f9<\/a><\/div><div class=\"ect-list-venue default-venue\"><span class=\"ect-icon\"><i class=\"ect-icon-location\"><\/i><\/span><!-- Event Venue Info -->\n\t\t\t\t\t\t\t<span class=\"ect-venue-details ect-address\">\n\t\t\t\t\t\t\t<div>Der Garten von N\u00e2m Living,<span class=\"tribe-address\">\n\n<span class=\"tribe-street-address\">N\u00edjar Meditationszentrum<\/span>\n\t\n\t\t<br>\n\t\t<span class=\"tribe-locality\">N\u00ecjar<\/span><span class=\"tribe-delimiter\">,<\/span>\n\n\t<abbr class=\"tribe-region tribe-events-abbr\" title=\"N\u00ecjar\" data-no-translation-title=\"\">N\u00ecjar<\/abbr>\n\n\t<span class=\"tribe-postal-code\">04100<\/span>\n\n\t<span class=\"tribe-country-name\">Spanien<\/span>\n\n<\/span>\n<\/div><span class=\"ect-google\"><a class=\"tribe-events-gmap\" href=\"https:\/\/maps.google.com\/maps?f=q&#038;source=s_q&#038;hl=en&#038;geocode=&#038;q=N%C3%ADjar+Meditation+Center+N%C3%ACjar+N%C3%ACjar+04100+Spain\" title=\"Fai clic per visualizzare una mappa Google Maps\" target=\"_blank\" rel=\"noreferrer noopener\" data-no-translation=\"\" data-trp-gettext=\"\" data-no-translation-title=\"\">+ Google Maps<\/a><\/span><\/span><\/div><\/div><\/div><!-- right-wrapper close --><\/div><!-- event-loop-end --><div id=\"event-10867\" class=\"ect-list-post style-1 ect-simple-event future\"><div class=\"ect-list-post-left\">\n\t\t\t\t<div class=\"ect-list-img\" style=\"background-image:url(&#039;https:\/\/nijar.org\/wp-content\/uploads\/2026\/02\/DSC05208-1024x576.webp&#039;);background-size:cover;\"><a href=\"https:\/\/nijar.org\/it\/evento\/vita-significativa-5-giorni-intensivi-giugno-2026\/\" alt=\"Meaningful Living 5-day Intensive June 2026\" rel=\"bookmark\"><div class=\"ect-list-date\"><div class=\"ect-date-area default-schedule\"><span class=\"ev-day\">10<\/span>\n\t\t\t\t\t<span class=\"ev-mo\">Giugno<\/span>\n\t\t\t\t\t<span class=\"ev-yr\">2026<\/span><\/div><\/div><\/a><\/div><\/div><!-- left-post close --><div class=\"ect-list-post-right\">\n\t\t\t\t<div class=\"ect-list-post-right-table\"><div class=\"ect-list-description\"><h2 class=\"ect-list-title\"><a class=\"ect-event-url\" href=\"https:\/\/nijar.org\/it\/evento\/vita-significativa-5-giorni-intensivi-giugno-2026\/\" rel=\"bookmark\">Sinnvolles Leben 5-Tage-Intensivkurs Juni 2026<\/a><\/h2><!-- Event Content --><div class=\"ect-event-content\"><p>\u00a0 Willkommen bei Meaningful Living Kommen Sie mit uns auf eine transformative Reise der Selbstentdeckung in einer ruhigen und friedlichen Umgebung.  Das Meaningful Living Retreat soll Ihnen helfen, eine tiefere...<\/p>\n<\/div><!-- Event Ticket Price Info -->\n                 <div class=\"ect-rate-area\">\n                 <span class=\"ect-icon\"><i class=\"ect-icon-ticket\"><\/i><\/span>\n                 <span class=\"ect-rate\">\u20ac417<\/span>\n                 <\/div><a href=\"https:\/\/nijar.org\/it\/evento\/vita-significativa-5-giorni-intensivi-giugno-2026\/\" class=\"ect-events-read-more\" rel=\"bookmark\" data-no-translation=\"\" data-trp-gettext=\"\">Per saperne di pi\u00f9<\/a><\/div><div class=\"ect-list-venue default-venue\"><span class=\"ect-icon\"><i class=\"ect-icon-location\"><\/i><\/span><!-- Event Venue Info -->\n\t\t\t\t\t\t\t<span class=\"ect-venue-details ect-address\">\n\t\t\t\t\t\t\t<div>Der Garten von N\u00e2m Living,<span class=\"tribe-address\">\n\n<span class=\"tribe-street-address\">N\u00edjar Meditationszentrum<\/span>\n\t\n\t\t<br>\n\t\t<span class=\"tribe-locality\">N\u00ecjar<\/span><span class=\"tribe-delimiter\">,<\/span>\n\n\t<abbr class=\"tribe-region tribe-events-abbr\" title=\"N\u00ecjar\" data-no-translation-title=\"\">N\u00ecjar<\/abbr>\n\n\t<span class=\"tribe-postal-code\">04100<\/span>\n\n\t<span class=\"tribe-country-name\">Spanien<\/span>\n\n<\/span>\n<\/div><span class=\"ect-google\"><a class=\"tribe-events-gmap\" href=\"https:\/\/maps.google.com\/maps?f=q&#038;source=s_q&#038;hl=en&#038;geocode=&#038;q=N%C3%ADjar+Meditation+Center+N%C3%ACjar+N%C3%ACjar+04100+Spain\" title=\"Fai clic per visualizzare una mappa Google Maps\" target=\"_blank\" rel=\"noreferrer noopener\" data-no-translation=\"\" data-trp-gettext=\"\" data-no-translation-title=\"\">+ Google Maps<\/a><\/span><\/span><\/div><\/div><\/div><!-- right-wrapper close --><\/div><!-- event-loop-end --><div id=\"event-10569\" class=\"ect-list-post style-1 ect-simple-event future\"><div class=\"ect-list-post-left\">\n\t\t\t\t<div class=\"ect-list-img\" style=\"background-image:url(&#039;https:\/\/nijar.org\/wp-content\/uploads\/2025\/11\/ullrich-wellness-massage-1024x683.jpeg&#039;);background-size:cover;\"><a href=\"https:\/\/nijar.org\/it\/evento\/esperienza-benessere-di-3-giorni-giugno-2026\/\" alt=\"3 Days Wellness Experience June 2026\" rel=\"bookmark\"><div class=\"ect-list-date\"><div class=\"ect-date-area default-schedule\"><span class=\"ev-day\">16<\/span>\n\t\t\t\t\t<span class=\"ev-mo\">Giugno<\/span>\n\t\t\t\t\t<span class=\"ev-yr\">2026<\/span><\/div><\/div><\/a><\/div><\/div><!-- left-post close --><div class=\"ect-list-post-right\">\n\t\t\t\t<div class=\"ect-list-post-right-table\"><div class=\"ect-list-description\"><h2 class=\"ect-list-title\"><a class=\"ect-event-url\" href=\"https:\/\/nijar.org\/it\/evento\/esperienza-benessere-di-3-giorni-giugno-2026\/\" rel=\"bookmark\">3 Tage Wellness-Erlebnis Juni 2026<\/a><\/h2><!-- Event Content --><div class=\"ect-event-content\"><p>\u00a0 Merkmale Anreisetag: Einchecken um 15 Uhr, Einf\u00fchrung 16:30 Uhr, Meditation 18 Uhr, Abendessen 19.00 Uhr Programm: 3 Tage mit der M\u00f6glichkeit, zu einem 5-t\u00e4gigen Intensivkurs zu verl\u00e4ngern...<\/p>\n<\/div><!-- Event Ticket Price Info -->\n                 <div class=\"ect-rate-area\">\n                 <span class=\"ect-icon\"><i class=\"ect-icon-ticket\"><\/i><\/span>\n                 <span class=\"ect-rate\">\u20ac246<\/span>\n                 <\/div><a href=\"https:\/\/nijar.org\/it\/evento\/esperienza-benessere-di-3-giorni-giugno-2026\/\" class=\"ect-events-read-more\" rel=\"bookmark\" data-no-translation=\"\" data-trp-gettext=\"\">Per saperne di pi\u00f9<\/a><\/div><div class=\"ect-list-venue default-venue\"><span class=\"ect-icon\"><i class=\"ect-icon-location\"><\/i><\/span><!-- Event Venue Info -->\n\t\t\t\t\t\t\t<span class=\"ect-venue-details ect-address\">\n\t\t\t\t\t\t\t<div>Der Garten von N\u00e2m Living,<span class=\"tribe-address\">\n\n<span class=\"tribe-street-address\">N\u00edjar Meditationszentrum<\/span>\n\t\n\t\t<br>\n\t\t<span class=\"tribe-locality\">N\u00ecjar<\/span><span class=\"tribe-delimiter\">,<\/span>\n\n\t<abbr class=\"tribe-region tribe-events-abbr\" title=\"N\u00ecjar\" data-no-translation-title=\"\">N\u00ecjar<\/abbr>\n\n\t<span class=\"tribe-postal-code\">04100<\/span>\n\n\t<span class=\"tribe-country-name\">Spanien<\/span>\n\n<\/span>\n<\/div><span class=\"ect-google\"><a class=\"tribe-events-gmap\" href=\"https:\/\/maps.google.com\/maps?f=q&#038;source=s_q&#038;hl=en&#038;geocode=&#038;q=N%C3%ADjar+Meditation+Center+N%C3%ACjar+N%C3%ACjar+04100+Spain\" title=\"Fai clic per visualizzare una mappa Google Maps\" target=\"_blank\" rel=\"noreferrer noopener\" data-no-translation=\"\" data-trp-gettext=\"\" data-no-translation-title=\"\">+ Google Maps<\/a><\/span><\/span><\/div><\/div><\/div><!-- right-wrapper close --><\/div><!-- event-loop-end --><div id=\"event-9769\" class=\"ect-list-post style-1 ect-simple-event future\"><div class=\"ect-list-post-left\">\n\t\t\t\t<div class=\"ect-list-img\" style=\"background-image:url(&#039;https:\/\/nijar.org\/wp-content\/uploads\/2023\/01\/IMG_0302-cut-844x1024.jpg&#039;);background-size:cover;\"><a href=\"https:\/\/nijar.org\/it\/evento\/3-giorni-di-esperienza-yoga-5-giugno-2026\/\" alt=\"3 Days Yoga Experience June 26th 2026\" rel=\"bookmark\"><div class=\"ect-list-date\"><div class=\"ect-date-area default-schedule\"><span class=\"ev-day\">26<\/span>\n\t\t\t\t\t<span class=\"ev-mo\">Giugno<\/span>\n\t\t\t\t\t<span class=\"ev-yr\">2026<\/span><\/div><\/div><\/a><\/div><\/div><!-- left-post close --><div class=\"ect-list-post-right\">\n\t\t\t\t<div class=\"ect-list-post-right-table\"><div class=\"ect-list-description\"><h2 class=\"ect-list-title\"><a class=\"ect-event-url\" href=\"https:\/\/nijar.org\/it\/evento\/3-giorni-di-esperienza-yoga-5-giugno-2026\/\" rel=\"bookmark\">3 Tage Yoga Erfahrung 26. Juni 2026<\/a><\/h2><!-- Event Content --><div class=\"ect-event-content\"><p>\u00a0 Features &nbsp; Arrival day: Check in at 15 h, introduction 16:30, meditation 18 h, supper 19.00 Program: 3 days with a possibility to extend to a 5 day Yoga&#8230;<\/p>\n<\/div><!-- Event Ticket Price Info -->\n                 <div class=\"ect-rate-area\">\n                 <span class=\"ect-icon\"><i class=\"ect-icon-ticket\"><\/i><\/span>\n                 <span class=\"ect-rate\">\u20ac196<\/span>\n                 <\/div><a href=\"https:\/\/nijar.org\/it\/evento\/3-giorni-di-esperienza-yoga-5-giugno-2026\/\" class=\"ect-events-read-more\" rel=\"bookmark\" data-no-translation=\"\" data-trp-gettext=\"\">Per saperne di pi\u00f9<\/a><\/div><div class=\"ect-list-venue default-venue\"><span class=\"ect-icon\"><i class=\"ect-icon-location\"><\/i><\/span><!-- Event Venue Info -->\n\t\t\t\t\t\t\t<span class=\"ect-venue-details ect-address\">\n\t\t\t\t\t\t\t<div>Der Garten von N\u00e2m Living,<span class=\"tribe-address\">\n\n<span class=\"tribe-street-address\">N\u00edjar Meditationszentrum<\/span>\n\t\n\t\t<br>\n\t\t<span class=\"tribe-locality\">N\u00ecjar<\/span><span class=\"tribe-delimiter\">,<\/span>\n\n\t<abbr class=\"tribe-region tribe-events-abbr\" title=\"N\u00ecjar\" data-no-translation-title=\"\">N\u00ecjar<\/abbr>\n\n\t<span class=\"tribe-postal-code\">04100<\/span>\n\n\t<span class=\"tribe-country-name\">Spanien<\/span>\n\n<\/span>\n<\/div><span class=\"ect-google\"><a class=\"tribe-events-gmap\" href=\"https:\/\/maps.google.com\/maps?f=q&#038;source=s_q&#038;hl=en&#038;geocode=&#038;q=N%C3%ADjar+Meditation+Center+N%C3%ACjar+N%C3%ACjar+04100+Spain\" title=\"Fai clic per visualizzare una mappa Google Maps\" target=\"_blank\" rel=\"noreferrer noopener\" data-no-translation=\"\" data-trp-gettext=\"\" data-no-translation-title=\"\">+ Google Maps<\/a><\/span><\/span><\/div><\/div><\/div><!-- right-wrapper close --><\/div><!-- event-loop-end --><\/div><\/div><\/p><\/div>\n\t\t\t\t<\/div>\n\t\t\t\t\t\t\t\t<\/div>\n\t\t\t\t\t\t<\/div>\n\t\t\t\t<\/div>\n\t\t\t\t<\/div>\n\t\t\t\t\t<\/div>\n\t\t\t\t<\/div>\n\t\t\t\t<\/div>","protected":false},"excerpt":{"rendered":"<p>Retreats Listings N\u00e2m Retreats 16 August 2024 Peaceful Holiday (Re)Treat August 2024 \u20ac435 Mehr erfahren The Garden of N\u00e2m Living, N\u00edjar Meditation Center N\u00ecjar, N\u00ecjar 04100 Spanien + Google...<\/p>","protected":false},"author":8,"featured_media":0,"parent":0,"menu_order":0,"comment_status":"closed","ping_status":"closed","template":"","meta":{"_kad_post_transparent":"","_kad_post_title":"hide","_kad_post_layout":"fullwidth","_kad_post_sidebar_id":"","_kad_post_content_style":"unboxed","_kad_post_vertical_padding":"hide","_kad_post_feature":"hide","_kad_post_feature_position":"","_kad_post_header":false,"_kad_post_footer":false,"_kad_post_classname":"","footnotes":""},"class_list":["post-5177","page","type-page","status-publish","hentry"],"aioseo_notices":[],"_links":{"self":[{"href":"https:\/\/nijar.org\/de\/wp-json\/wp\/v2\/pages\/5177","targetHints":{"allow":["GET"]}}],"collection":[{"href":"https:\/\/nijar.org\/de\/wp-json\/wp\/v2\/pages"}],"about":[{"href":"https:\/\/nijar.org\/de\/wp-json\/wp\/v2\/types\/page"}],"author":[{"embeddable":true,"href":"https:\/\/nijar.org\/de\/wp-json\/wp\/v2\/users\/8"}],"replies":[{"embeddable":true,"href":"https:\/\/nijar.org\/de\/wp-json\/wp\/v2\/comments?post=5177"}],"version-history":[{"count":0,"href":"https:\/\/nijar.org\/de\/wp-json\/wp\/v2\/pages\/5177\/revisions"}],"wp:attachment":[{"href":"https:\/\/nijar.org\/de\/wp-json\/wp\/v2\/media?parent=5177"}],"curies":[{"name":"wp","href":"https:\/\/api.w.org\/{rel}","templated":true}]}}